{"id":541,"date":"2018-01-21T15:50:25","date_gmt":"2018-01-21T15:50:25","guid":{"rendered":"http:\/\/www.rafaxambo.net\/?page_id=541"},"modified":"2018-01-28T21:33:06","modified_gmt":"2018-01-28T21:33:06","slug":"agenda","status":"publish","type":"page","link":"http:\/\/www.rafaxambo.net\/?page_id=541","title":{"rendered":"Agenda"},"content":{"rendered":"<! ========= Cool Timeline Free 1.3.2 =========><div class=\"cool_timeline cool-timeline-wrapper both-sided-wrapper white-timeline-wrapper default-skin-tm\"><h1 class=\"timeline-main-title center-block\">Amb l\u2019eixida del nou disc, La dansa d\u2019un temps nou, Rafa Xamb\u00f3 repr\u00e8n les actuacions en directe.<\/h1><div class=\"cool-timeline white-timeline ultimate-style both-sided-wrapper default-layout \"><div data-animations=\"\"  id=\"ctl-free-one\" class=\"cooltimeline_cont  clearfix icons_no\"><div  class=\"timeline-year scrollable-section \"\r\n\t\t\t\t\t\tdata-section-title=\"2016\" id=\"clt-2016\">\r\n\t\t\t\t\t\t<div class=\"icon-placeholder\"><span class=\"ctl-timeline-date\">2016<\/span><\/div>\r\n\t\t\t\t\t\t<div class=\"timeline-bar\"><\/div>\r\n\t\t\t\t\t\t<\/div><!-- .timeline-post-start--><div class=\"timeline-post even light-grey-post icons_no  default-skin\"  id=\"story-705\"><div class=\"timeline-meta\"><div class=\"meta-details\">novembre 6<\/div><\/div><div class=\"timeline-icon icon-dot-full\"><div class=\"timeline-bar\"><\/div><\/div><div class=\"timeline-content clearfix\"><h2 class=\"content-title\">Cantem Valenci\u00e0. Teatre Principal (Val\u00e8ncia)<\/h2><div class=\"ctl_info event-description full\"><div class=\"full-width\"><a title=\"Cantem Valenci\u00e0. Teatre Principal (Val\u00e8ncia)\"  href=\"http:\/\/www.rafaxambo.net\/wp-content\/uploads\/2016\/11\/cantem-valenci\u00e0-6-octubre.jpg\" class=\"ctl_prettyPhoto\"><img width=\"701\" height=\"720\" src=\"http:\/\/www.rafaxambo.net\/wp-content\/uploads\/2016\/11\/cantem-valenci\u00e0-6-octubre.jpg\" class=\"story-img wp-post-image\" alt=\"Cantem Valenci\u00e0. Teatre Principal (Val\u00e8ncia)\" loading=\"lazy\" srcset=\"http:\/\/www.rafaxambo.net\/wp-content\/uploads\/2016\/11\/cantem-valenci\u00e0-6-octubre.jpg 701w, http:\/\/www.rafaxambo.net\/wp-content\/uploads\/2016\/11\/cantem-valenci\u00e0-6-octubre-292x300.jpg 292w\" sizes=\"(max-width: 701px) 100vw, 701px\" \/><\/a><\/div><div class=\"content-details\">PARTICIPACI\u00d3<\/div><\/div><\/div><!-- timeline content --><\/div><!-- .timeline-post-end --><!-- .timeline-post-start--><div class=\"timeline-post odd light-grey-post icons_no  default-skin\"  id=\"story-704\"><div class=\"timeline-meta\"><div class=\"meta-details\">setembre 9<\/div><\/div><div class=\"timeline-icon icon-dot-full\"><div class=\"timeline-bar\"><\/div><\/div><div class=\"timeline-content clearfix\"><h2 class=\"content-title\">Centre cultural (Massamagrell)<\/h2><div class=\"ctl_info event-description full\"><div class=\"full-width\"><a title=\"Centre cultural (Massamagrell)\"  href=\"http:\/\/www.rafaxambo.net\/wp-content\/uploads\/2016\/09\/09-09-2016-MASSAMAGRELL-POEMES-I-CAN\u00c7ONS.jpg\" class=\"ctl_prettyPhoto\"><img width=\"1024\" height=\"721\" src=\"http:\/\/www.rafaxambo.net\/wp-content\/uploads\/2016\/09\/09-09-2016-MASSAMAGRELL-POEMES-I-CAN\u00c7ONS-1024x721.jpg\" class=\"story-img wp-post-image\" alt=\"Centre cultural (Massamagrell)\" loading=\"lazy\" srcset=\"http:\/\/www.rafaxambo.net\/wp-content\/uploads\/2016\/09\/09-09-2016-MASSAMAGRELL-POEMES-I-CAN\u00c7ONS-1024x721.jpg 1024w, http:\/\/www.rafaxambo.net\/wp-content\/uploads\/2016\/09\/09-09-2016-MASSAMAGRELL-POEMES-I-CAN\u00c7ONS-300x211.jpg 300w, http:\/\/www.rafaxambo.net\/wp-content\/uploads\/2016\/09\/09-09-2016-MASSAMAGRELL-POEMES-I-CAN\u00c7ONS-768x541.jpg 768w, http:\/\/www.rafaxambo.net\/wp-content\/uploads\/2016\/09\/09-09-2016-MASSAMAGRELL-POEMES-I-CAN\u00c7ONS.jpg 1600w\" sizes=\"(max-width: 1024px) 100vw, 1024px\" \/><\/a><\/div><div class=\"content-details\">POEMES I CAN\u00c7ONS AMB ISABEL GARCIA CANET<\/div><\/div><\/div><!-- timeline content --><\/div><!-- .timeline-post-end --><!-- .timeline-post-start--><div class=\"timeline-post even light-grey-post icons_no  default-skin\"  id=\"story-706\"><div class=\"timeline-meta\"><div class=\"meta-details\">juliol 14<\/div><\/div><div class=\"timeline-icon icon-dot-full\"><div class=\"timeline-bar\"><\/div><\/div><div class=\"timeline-content clearfix\"><h2 class=\"content-title\">Poemes i can\u00e7ons UJI (Castell\u00f3)<\/h2><div class=\"ctl_info event-description full\"><div class=\"full-width\"><a title=\"Poemes i can\u00e7ons UJI (Castell\u00f3)\"  href=\"http:\/\/www.rafaxambo.net\/wp-content\/uploads\/2016\/11\/poemes-i-can\u00e7ons-UJI-14-JULIOL-2016.jpg\" class=\"ctl_prettyPhoto\"><img width=\"1024\" height=\"768\" src=\"http:\/\/www.rafaxambo.net\/wp-content\/uploads\/2016\/11\/poemes-i-can\u00e7ons-UJI-14-JULIOL-2016-1024x768.jpg\" class=\"story-img wp-post-image\" alt=\"Poemes i can\u00e7ons UJI (Castell\u00f3)\" loading=\"lazy\" srcset=\"http:\/\/www.rafaxambo.net\/wp-content\/uploads\/2016\/11\/poemes-i-can\u00e7ons-UJI-14-JULIOL-2016-1024x768.jpg 1024w, http:\/\/www.rafaxambo.net\/wp-content\/uploads\/2016\/11\/poemes-i-can\u00e7ons-UJI-14-JULIOL-2016-300x225.jpg 300w, http:\/\/www.rafaxambo.net\/wp-content\/uploads\/2016\/11\/poemes-i-can\u00e7ons-UJI-14-JULIOL-2016-768x576.jpg 768w, http:\/\/www.rafaxambo.net\/wp-content\/uploads\/2016\/11\/poemes-i-can\u00e7ons-UJI-14-JULIOL-2016.jpg 2048w\" sizes=\"(max-width: 1024px) 100vw, 1024px\" \/><\/a><\/div><div class=\"content-details\"><\/div><\/div><\/div><!-- timeline content --><\/div><!-- .timeline-post-end --><!-- .timeline-post-start--><div class=\"timeline-post odd light-grey-post icons_no  default-skin\"  id=\"story-703\"><div class=\"timeline-meta\"><div class=\"meta-details\">juliol 14<\/div><\/div><div class=\"timeline-icon icon-dot-full\"><div class=\"timeline-bar\"><\/div><\/div><div class=\"timeline-content clearfix\"><h2 class=\"content-title\">Nits musicals (Bocairent)<\/h2><div class=\"ctl_info event-description full\"><div class=\"content-details\">40 ANYS I UN DIA<\/div><\/div><\/div><!-- timeline content --><\/div><!-- .timeline-post-end --><!-- .timeline-post-start--><div class=\"timeline-post even light-grey-post icons_no  default-skin\"  id=\"story-701\"><div class=\"timeline-meta\"><div class=\"meta-details\">maig 21<\/div><\/div><div class=\"timeline-icon icon-dot-full\"><div class=\"timeline-bar\"><\/div><\/div><div class=\"timeline-content clearfix\"><h2 class=\"content-title\">Festival Multidisciplinar de Patraix. (Val\u00e8ncia)<\/h2><div class=\"ctl_info event-description full\"><div class=\"content-details\">40 ANYS I UN DIA<\/div><\/div><\/div><!-- timeline content --><\/div><!-- .timeline-post-end --><div  class=\"timeline-year scrollable-section \"\r\n\t\t\t\t\t\tdata-section-title=\"2015\" id=\"clt-2015\">\r\n\t\t\t\t\t\t<div class=\"icon-placeholder\"><span class=\"ctl-timeline-date\">2015<\/span><\/div>\r\n\t\t\t\t\t\t<div class=\"timeline-bar\"><\/div>\r\n\t\t\t\t\t\t<\/div><!-- .timeline-post-start--><div class=\"timeline-post odd light-grey-post icons_no  default-skin\"  id=\"story-647\"><div class=\"timeline-meta\"><div class=\"meta-details\">novembre 27<\/div><\/div><div class=\"timeline-icon icon-dot-full\"><div class=\"timeline-bar\"><\/div><\/div><div class=\"timeline-content clearfix\"><h2 class=\"content-title\">Seu SGAE (Val\u00e8ncia)<\/h2><div class=\"ctl_info event-description full\"><div class=\"full-width\"><a title=\"Seu SGAE (Val\u00e8ncia)\"  href=\"http:\/\/www.rafaxambo.net\/wp-content\/uploads\/2018\/01\/Xamb\u00f3-SGAE.jpg\" class=\"ctl_prettyPhoto\"><img width=\"724\" height=\"1024\" src=\"http:\/\/www.rafaxambo.net\/wp-content\/uploads\/2018\/01\/Xamb\u00f3-SGAE-724x1024.jpg\" class=\"story-img wp-post-image\" alt=\"Seu SGAE (Val\u00e8ncia)\" loading=\"lazy\" srcset=\"http:\/\/www.rafaxambo.net\/wp-content\/uploads\/2018\/01\/Xamb\u00f3-SGAE-724x1024.jpg 724w, http:\/\/www.rafaxambo.net\/wp-content\/uploads\/2018\/01\/Xamb\u00f3-SGAE-212x300.jpg 212w, http:\/\/www.rafaxambo.net\/wp-content\/uploads\/2018\/01\/Xamb\u00f3-SGAE-768x1086.jpg 768w, http:\/\/www.rafaxambo.net\/wp-content\/uploads\/2018\/01\/Xamb\u00f3-SGAE.jpg 1754w\" sizes=\"(max-width: 724px) 100vw, 724px\" \/><\/a><\/div><div class=\"content-details\">ESPECTACLE: 40 ANYS I 1 DIA<\/div><\/div><\/div><!-- timeline content --><\/div><!-- .timeline-post-end --><!-- .timeline-post-start--><div class=\"timeline-post even light-grey-post icons_no  default-skin\"  id=\"story-700\"><div class=\"timeline-meta\"><div class=\"meta-details\">novembre 11<\/div><\/div><div class=\"timeline-icon icon-dot-full\"><div class=\"timeline-bar\"><\/div><\/div><div class=\"timeline-content clearfix\"><h2 class=\"content-title\">La fera al Palau. Festival Col\u00b7lectiu Ovidi Montllor<\/h2><div class=\"ctl_info event-description full\"><div class=\"full-width\"><a title=\"La fera al Palau. Festival Col\u00b7lectiu Ovidi Montllor\"  href=\"http:\/\/www.rafaxambo.net\/wp-content\/uploads\/2015\/11\/Cartell_LaFera.jpg\" class=\"ctl_prettyPhoto\"><img width=\"688\" height=\"1024\" src=\"http:\/\/www.rafaxambo.net\/wp-content\/uploads\/2015\/11\/Cartell_LaFera-688x1024.jpg\" class=\"story-img wp-post-image\" alt=\"La fera al Palau. Festival Col\u00b7lectiu Ovidi Montllor\" loading=\"lazy\" srcset=\"http:\/\/www.rafaxambo.net\/wp-content\/uploads\/2015\/11\/Cartell_LaFera-688x1024.jpg 688w, http:\/\/www.rafaxambo.net\/wp-content\/uploads\/2015\/11\/Cartell_LaFera-202x300.jpg 202w, http:\/\/www.rafaxambo.net\/wp-content\/uploads\/2015\/11\/Cartell_LaFera-768x1143.jpg 768w, http:\/\/www.rafaxambo.net\/wp-content\/uploads\/2015\/11\/Cartell_LaFera.jpg 900w\" sizes=\"(max-width: 688px) 100vw, 688px\" \/><\/a><\/div><div class=\"content-details\">Participaci\u00f3<\/div><\/div><\/div><!-- timeline content --><\/div><!-- .timeline-post-end --><!-- .timeline-post-start--><div class=\"timeline-post odd light-grey-post icons_no  default-skin\"  id=\"story-644\"><div class=\"timeline-meta\"><div class=\"meta-details\">juliol 10<\/div><\/div><div class=\"timeline-icon icon-dot-full\"><div class=\"timeline-bar\"><\/div><\/div><div class=\"timeline-content clearfix\"><h2 class=\"content-title\">Feslloch (Benlloch)<\/h2><div class=\"ctl_info event-description full\"><div class=\"full-width\"><a title=\"Feslloch (Benlloch)\"  href=\"http:\/\/www.rafaxambo.net\/wp-content\/uploads\/2015\/07\/Cartell2015_FESLLOCH2015.jpg\" class=\"ctl_prettyPhoto\"><img width=\"716\" height=\"1024\" src=\"http:\/\/www.rafaxambo.net\/wp-content\/uploads\/2015\/07\/Cartell2015_FESLLOCH2015-716x1024.jpg\" class=\"story-img wp-post-image\" alt=\"Feslloch (Benlloch)\" loading=\"lazy\" srcset=\"http:\/\/www.rafaxambo.net\/wp-content\/uploads\/2015\/07\/Cartell2015_FESLLOCH2015-716x1024.jpg 716w, http:\/\/www.rafaxambo.net\/wp-content\/uploads\/2015\/07\/Cartell2015_FESLLOCH2015-210x300.jpg 210w, http:\/\/www.rafaxambo.net\/wp-content\/uploads\/2015\/07\/Cartell2015_FESLLOCH2015-768x1099.jpg 768w, http:\/\/www.rafaxambo.net\/wp-content\/uploads\/2015\/07\/Cartell2015_FESLLOCH2015.jpg 842w\" sizes=\"(max-width: 716px) 100vw, 716px\" \/><\/a><\/div><div class=\"content-details\">CONCERT T\u2019ESTIMO TANT. SONETS DE SHAKESPEARE<\/div><\/div><\/div><!-- timeline content --><\/div><!-- .timeline-post-end --><!-- .timeline-post-start--><div class=\"timeline-post even light-grey-post icons_no  default-skin\"  id=\"story-568\"><div class=\"timeline-meta\"><div class=\"meta-details\">mar\u00e7 27<\/div><\/div><div class=\"timeline-icon icon-dot-full\"><div class=\"timeline-bar\"><\/div><\/div><div class=\"timeline-content clearfix\"><h2 class=\"content-title\">CENTRE CULTURAL MARIO SILVESTRE &#8211; ALCOI<\/h2><div class=\"ctl_info event-description full\"><div class=\"content-details\">CONCERT: T&#8217;ESTIMO TANT. SONETS DE SHAKESPEARE<\/div><\/div><\/div><!-- timeline content --><\/div><!-- .timeline-post-end --><!-- .timeline-post-start--><div class=\"timeline-post odd light-grey-post icons_no  default-skin\"  id=\"story-569\"><div class=\"timeline-meta\"><div class=\"meta-details\">febrer 26<\/div><\/div><div class=\"timeline-icon icon-dot-full\"><div class=\"timeline-bar\"><\/div><\/div><div class=\"timeline-content clearfix\"><h2 class=\"content-title\">BARCELONA<\/h2><div class=\"ctl_info event-description full\"><div class=\"content-details\">FESTIVAL BARNASANTS T&#8217;ESTIMO TANT. SONETS DE SHAKESPEARE JAMBOREE JAZZ CLUB<\/div><\/div><\/div><!-- timeline content --><\/div><!-- .timeline-post-end --><!-- .timeline-post-start--><div class=\"timeline-post even light-grey-post icons_no  default-skin\"  id=\"story-650\"><div class=\"timeline-meta\"><div class=\"meta-details\">febrer 8<\/div><\/div><div class=\"timeline-icon icon-dot-full\"><div class=\"timeline-bar\"><\/div><\/div><div class=\"timeline-content clearfix\"><h2 class=\"content-title\">Auditori Barradas (Barcelona)<\/h2><div class=\"ctl_info event-description full\"><div class=\"full-width\"><a title=\"Auditori Barradas (Barcelona)\"  href=\"http:\/\/www.rafaxambo.net\/wp-content\/uploads\/2018\/01\/Rafa-Xamb\u00f3-Barradas.jpg\" class=\"ctl_prettyPhoto\"><img width=\"659\" height=\"957\" src=\"http:\/\/www.rafaxambo.net\/wp-content\/uploads\/2018\/01\/Rafa-Xamb\u00f3-Barradas.jpg\" class=\"story-img wp-post-image\" alt=\"Auditori Barradas (Barcelona)\" loading=\"lazy\" srcset=\"http:\/\/www.rafaxambo.net\/wp-content\/uploads\/2018\/01\/Rafa-Xamb\u00f3-Barradas.jpg 659w, http:\/\/www.rafaxambo.net\/wp-content\/uploads\/2018\/01\/Rafa-Xamb\u00f3-Barradas-207x300.jpg 207w\" sizes=\"(max-width: 659px) 100vw, 659px\" \/><\/a><\/div><div class=\"content-details\">ESPECTACLE: 40 ANYS I 1 DIA<\/div><\/div><\/div><!-- timeline content --><\/div><!-- .timeline-post-end --><!-- .timeline-post-start--><div class=\"timeline-post odd light-grey-post icons_no  default-skin\"  id=\"story-570\"><div class=\"timeline-meta\"><div class=\"meta-details\">febrer 8<\/div><\/div><div class=\"timeline-icon icon-dot-full\"><div class=\"timeline-bar\"><\/div><\/div><div class=\"timeline-content clearfix\"><h2 class=\"content-title\">AUDITORI BARRADAS (HOSPITALET DE LLOBREGAT)<\/h2><div class=\"ctl_info event-description full\"><div class=\"content-details\">FESTIVAL BARNASANTS NOU ESPECTACLE: 40 ANYS I 1 DIA<\/div><\/div><\/div><!-- timeline content --><\/div><!-- .timeline-post-end --><div  class=\"timeline-year scrollable-section \"\r\n\t\t\t\t\t\tdata-section-title=\"2014\" id=\"clt-2014\">\r\n\t\t\t\t\t\t<div class=\"icon-placeholder\"><span class=\"ctl-timeline-date\">2014<\/span><\/div>\r\n\t\t\t\t\t\t<div class=\"timeline-bar\"><\/div>\r\n\t\t\t\t\t\t<\/div><!-- .timeline-post-start--><div class=\"timeline-post even light-grey-post icons_no  default-skin\"  id=\"story-552\"><div class=\"timeline-meta\"><div class=\"meta-details\">desembre 21<\/div><\/div><div class=\"timeline-icon icon-dot-full\"><div class=\"timeline-bar\"><\/div><\/div><div class=\"timeline-content clearfix\"><h2 class=\"content-title\">TEATRE LA MARINA &#8211; EL PUIG (FESTA GUTENBERG)<\/h2><div class=\"ctl_info event-description full\"><div class=\"content-details\">CONCERT T&#8217;ESTIMO TANT. SONETS DE SHAKESPEARE<\/div><\/div><\/div><!-- timeline content --><\/div><!-- .timeline-post-end --><!-- .timeline-post-start--><div class=\"timeline-post odd light-grey-post icons_no  default-skin\"  id=\"story-553\"><div class=\"timeline-meta\"><div class=\"meta-details\">desembre 18<\/div><\/div><div class=\"timeline-icon icon-dot-full\"><div class=\"timeline-bar\"><\/div><\/div><div class=\"timeline-content clearfix\"><h2 class=\"content-title\">BIBLIOTECA DEL PUIG<\/h2><div class=\"ctl_info event-description full\"><div class=\"content-details\">TALLER LITERARI. ELS SONESTDE SHAKESPEARE<\/div><\/div><\/div><!-- timeline content --><\/div><!-- .timeline-post-end --><!-- .timeline-post-start--><div class=\"timeline-post even light-grey-post icons_no  default-skin\"  id=\"story-702\"><div class=\"timeline-meta\"><div class=\"meta-details\">juliol 14<\/div><\/div><div class=\"timeline-icon icon-dot-full\"><div class=\"timeline-bar\"><\/div><\/div><div class=\"timeline-content clearfix\"><h2 class=\"content-title\">Cursos d&#8217;Estiu de la UJI (Castell\u00f3)<\/h2><div class=\"ctl_info event-description full\"><div class=\"content-details\">POEMES I CAN\u00c7ONS AMB ISABEL GARCIA CANET<\/div><\/div><\/div><!-- timeline content --><\/div><!-- .timeline-post-end --><!-- .timeline-post-start--><div class=\"timeline-post odd light-grey-post icons_no  default-skin\"  id=\"story-554\"><div class=\"timeline-meta\"><div class=\"meta-details\">juny 8<\/div><\/div><div class=\"timeline-icon icon-dot-full\"><div class=\"timeline-bar\"><\/div><\/div><div class=\"timeline-content clearfix\"><h2 class=\"content-title\">AJUNTAMENT DE SUECA<\/h2><div class=\"ctl_info event-description full\"><div class=\"full-width\"><a title=\"AJUNTAMENT DE SUECA\"  href=\"http:\/\/www.rafaxambo.net\/wp-content\/uploads\/2018\/01\/IMG_5216.jpg\" class=\"ctl_prettyPhoto\"><img width=\"441\" height=\"479\" src=\"http:\/\/www.rafaxambo.net\/wp-content\/uploads\/2018\/01\/IMG_5216.jpg\" class=\"story-img wp-post-image\" alt=\"AJUNTAMENT DE SUECA\" loading=\"lazy\" srcset=\"http:\/\/www.rafaxambo.net\/wp-content\/uploads\/2018\/01\/IMG_5216.jpg 441w, http:\/\/www.rafaxambo.net\/wp-content\/uploads\/2018\/01\/IMG_5216-276x300.jpg 276w\" sizes=\"(max-width: 441px) 100vw, 441px\" \/><\/a><\/div><div class=\"content-details\">CLAUSTRE DE LA CASA FUSTER<\/div><\/div><\/div><!-- timeline content --><\/div><!-- .timeline-post-end --><!-- .timeline-post-start--><div class=\"timeline-post even light-grey-post icons_no  default-skin\"  id=\"story-556\"><div class=\"timeline-meta\"><div class=\"meta-details\">juny 7<\/div><\/div><div class=\"timeline-icon icon-dot-full\"><div class=\"timeline-bar\"><\/div><\/div><div class=\"timeline-content clearfix\"><h2 class=\"content-title\">AJUNTAMENT DE MURO<\/h2><div class=\"ctl_info event-description full\"><div class=\"full-width\"><a title=\"AJUNTAMENT DE MURO\"  href=\"http:\/\/www.rafaxambo.net\/wp-content\/uploads\/2018\/01\/IMG_5133-1.jpg\" class=\"ctl_prettyPhoto\"><img width=\"640\" height=\"405\" src=\"http:\/\/www.rafaxambo.net\/wp-content\/uploads\/2018\/01\/IMG_5133-1.jpg\" class=\"story-img wp-post-image\" alt=\"AJUNTAMENT DE MURO\" loading=\"lazy\" srcset=\"http:\/\/www.rafaxambo.net\/wp-content\/uploads\/2018\/01\/IMG_5133-1.jpg 640w, http:\/\/www.rafaxambo.net\/wp-content\/uploads\/2018\/01\/IMG_5133-1-300x190.jpg 300w\" sizes=\"(max-width: 640px) 100vw, 640px\" \/><\/a><\/div><div class=\"content-details\">CONCERT T&#8217;ESTIMO TANT. SONETS DE SHAKESPEARE FESTA DEL LLIBRE MURO. PONT DE LLETRES 2014<\/div><\/div><\/div><!-- timeline content --><\/div><!-- .timeline-post-end --><!-- .timeline-post-start--><div class=\"timeline-post odd light-grey-post icons_no  default-skin\"  id=\"story-558\"><div class=\"timeline-meta\"><div class=\"meta-details\">juny 6<\/div><\/div><div class=\"timeline-icon icon-dot-full\"><div class=\"timeline-bar\"><\/div><\/div><div class=\"timeline-content clearfix\"><h2 class=\"content-title\">SEU BENISSA<\/h2><div class=\"ctl_info event-description full\"><div class=\"full-width\"><a title=\"SEU BENISSA\"  href=\"http:\/\/www.rafaxambo.net\/wp-content\/uploads\/2018\/01\/IMG_5081.jpg\" class=\"ctl_prettyPhoto\"><img width=\"635\" height=\"263\" src=\"http:\/\/www.rafaxambo.net\/wp-content\/uploads\/2018\/01\/IMG_5081.jpg\" class=\"story-img wp-post-image\" alt=\"SEU BENISSA\" loading=\"lazy\" srcset=\"http:\/\/www.rafaxambo.net\/wp-content\/uploads\/2018\/01\/IMG_5081.jpg 635w, http:\/\/www.rafaxambo.net\/wp-content\/uploads\/2018\/01\/IMG_5081-300x124.jpg 300w\" sizes=\"(max-width: 635px) 100vw, 635px\" \/><\/a><\/div><div class=\"content-details\">UNIVERSITAT D&#8217;ALACANT SAL\u00d3 D&#8217;ACTES<\/div><\/div><\/div><!-- timeline content --><\/div><!-- .timeline-post-end --><!-- .timeline-post-start--><div class=\"timeline-post even light-grey-post icons_no  default-skin\"  id=\"story-560\"><div class=\"timeline-meta\"><div class=\"meta-details\">abril 25<\/div><\/div><div class=\"timeline-icon icon-dot-full\"><div class=\"timeline-bar\"><\/div><\/div><div class=\"timeline-content clearfix\"><h2 class=\"content-title\">CENTRE CULTURAL ALMUSSAFES<\/h2><div class=\"ctl_info event-description full\"><div class=\"full-width\"><a title=\"CENTRE CULTURAL ALMUSSAFES\"  href=\"http:\/\/www.rafaxambo.net\/wp-content\/uploads\/2018\/01\/DSC_5419-640x480.jpg\" class=\"ctl_prettyPhoto\"><img width=\"640\" height=\"427\" src=\"http:\/\/www.rafaxambo.net\/wp-content\/uploads\/2018\/01\/DSC_5419-640x480.jpg\" class=\"story-img wp-post-image\" alt=\"CENTRE CULTURAL ALMUSSAFES\" loading=\"lazy\" srcset=\"http:\/\/www.rafaxambo.net\/wp-content\/uploads\/2018\/01\/DSC_5419-640x480.jpg 640w, http:\/\/www.rafaxambo.net\/wp-content\/uploads\/2018\/01\/DSC_5419-640x480-300x200.jpg 300w\" sizes=\"(max-width: 640px) 100vw, 640px\" \/><\/a><\/div><div class=\"content-details\">CONCERT T&#8217;ESTIMO TANT. SONETS DE SHAKESPEARE<\/div><\/div><\/div><!-- timeline content --><\/div><!-- .timeline-post-end --><!-- .timeline-post-start--><div class=\"timeline-post odd light-grey-post icons_no  default-skin\"  id=\"story-562\"><div class=\"timeline-meta\"><div class=\"meta-details\">abril 12<\/div><\/div><div class=\"timeline-icon icon-dot-full\"><div class=\"timeline-bar\"><\/div><\/div><div class=\"timeline-content clearfix\"><h2 class=\"content-title\">AJUNTAMENT DE BOCAIRENT<\/h2><div class=\"ctl_info event-description full\"><div class=\"full-width\"><a title=\"AJUNTAMENT DE BOCAIRENT\"  href=\"http:\/\/www.rafaxambo.net\/wp-content\/uploads\/2018\/01\/FILE00143.jpg\" class=\"ctl_prettyPhoto\"><img width=\"1024\" height=\"768\" src=\"http:\/\/www.rafaxambo.net\/wp-content\/uploads\/2018\/01\/FILE00143-1024x768.jpg\" class=\"story-img wp-post-image\" alt=\"AJUNTAMENT DE BOCAIRENT\" loading=\"lazy\" srcset=\"http:\/\/www.rafaxambo.net\/wp-content\/uploads\/2018\/01\/FILE00143-1024x768.jpg 1024w, http:\/\/www.rafaxambo.net\/wp-content\/uploads\/2018\/01\/FILE00143-300x225.jpg 300w, http:\/\/www.rafaxambo.net\/wp-content\/uploads\/2018\/01\/FILE00143-768x576.jpg 768w, http:\/\/www.rafaxambo.net\/wp-content\/uploads\/2018\/01\/FILE00143.jpg 1440w\" sizes=\"(max-width: 1024px) 100vw, 1024px\" \/><\/a><\/div><div class=\"content-details\">CONCERT T&#8217;ESTIMO TANT. SONETS DE SHAKESPEARE TEATRE AVENIDA<\/div><\/div><\/div><!-- timeline content --><\/div><!-- .timeline-post-end --><!-- .timeline-post-start--><div class=\"timeline-post even light-grey-post icons_no  default-skin\"  id=\"story-564\"><div class=\"timeline-meta\"><div class=\"meta-details\">abril 11<\/div><\/div><div class=\"timeline-icon icon-dot-full\"><div class=\"timeline-bar\"><\/div><\/div><div class=\"timeline-content clearfix\"><h2 class=\"content-title\">CIUTAT D&#8217;ALACANT<\/h2><div class=\"ctl_info event-description full\"><div class=\"content-details\">CONCERT T&#8217;ESTIMO TANT. SONETS DE SHAKESPEARE UNIVERSITAT D&#8217;ALACANT SEU UNIVERSIT\u00c0RIA<\/div><\/div><\/div><!-- timeline content --><\/div><!-- .timeline-post-end --><!-- .timeline-post-start--><div class=\"timeline-post odd light-grey-post icons_no  default-skin\"  id=\"story-565\"><div class=\"timeline-meta\"><div class=\"meta-details\">febrer 20<\/div><\/div><div class=\"timeline-icon icon-dot-full\"><div class=\"timeline-bar\"><\/div><\/div><div class=\"timeline-content clearfix\"><h2 class=\"content-title\">UNIVERSITAT POLIT\u00c8CNICA DE VAL\u00c8NCIA<\/h2><div class=\"ctl_info event-description full\"><div class=\"full-width\"><a title=\"UNIVERSITAT POLIT\u00c8CNICA DE VAL\u00c8NCIA\"  href=\"http:\/\/www.rafaxambo.net\/wp-content\/uploads\/2018\/01\/IMG_2116.jpg\" class=\"ctl_prettyPhoto\"><img width=\"1024\" height=\"575\" src=\"http:\/\/www.rafaxambo.net\/wp-content\/uploads\/2018\/01\/IMG_2116-1024x575.jpg\" class=\"story-img wp-post-image\" alt=\"UNIVERSITAT POLIT\u00c8CNICA DE VAL\u00c8NCIA\" loading=\"lazy\" srcset=\"http:\/\/www.rafaxambo.net\/wp-content\/uploads\/2018\/01\/IMG_2116-1024x575.jpg 1024w, http:\/\/www.rafaxambo.net\/wp-content\/uploads\/2018\/01\/IMG_2116-300x169.jpg 300w, http:\/\/www.rafaxambo.net\/wp-content\/uploads\/2018\/01\/IMG_2116-768x432.jpg 768w, http:\/\/www.rafaxambo.net\/wp-content\/uploads\/2018\/01\/IMG_2116-1200x675.jpg 1200w\" sizes=\"(max-width: 1024px) 100vw, 1024px\" \/><\/a><\/div><div class=\"content-details\">CONCERT T&#8217;ESTIMO TANT. SONETS DE SHAKESPEARE AUDITORI ALFONS ROIG (FACULTAT DE BELLES ARTS)<\/div><\/div><\/div><!-- timeline content --><\/div><!-- .timeline-post-end --><!-- .timeline-post-start--><div class=\"timeline-post even light-grey-post icons_no  default-skin\"  id=\"story-567\"><div class=\"timeline-meta\"><div class=\"meta-details\">gener 29<\/div><\/div><div class=\"timeline-icon icon-dot-full\"><div class=\"timeline-bar\"><\/div><\/div><div class=\"timeline-content clearfix\"><h2 class=\"content-title\">OCTUBRE CENTRE DE CULTURA CONTEMPOR\u00c0NIA<\/h2><div class=\"ctl_info event-description full\"><div class=\"content-details\">PRESENTACI\u00d3 LLIBRE &#8220;EL RIU DELS ULLS&#8221; (ED. TRIA LLIBRES) I DEL CD &#8220;T&#8217;ESTIMO TANT&#8230;&#8221; AMB LA PARTICIPACI\u00d3 D&#8217;AM\u00c0LIA GARRIG\u00d3S I PACO CALAFAT<\/div><\/div><\/div><!-- timeline content --><\/div><!-- .timeline-post-end --><div  class=\"timeline-year scrollable-section \"\r\n\t\t\t\t\t\tdata-section-title=\"2013\" id=\"clt-2013\">\r\n\t\t\t\t\t\t<div class=\"icon-placeholder\"><span class=\"ctl-timeline-date\">2013<\/span><\/div>\r\n\t\t\t\t\t\t<div class=\"timeline-bar\"><\/div>\r\n\t\t\t\t\t\t<\/div><!-- .timeline-post-start--><div class=\"timeline-post odd light-grey-post icons_no  default-skin\"  id=\"story-549\"><div class=\"timeline-meta\"><div class=\"meta-details\">desembre 18<\/div><\/div><div class=\"timeline-icon icon-dot-full\"><div class=\"timeline-bar\"><\/div><\/div><div class=\"timeline-content clearfix\"><h2 class=\"content-title\">COL\u00b7LEGI MAJOR RECTOR PESET UV<\/h2><div class=\"ctl_info event-description full\"><div class=\"full-width\"><a title=\"COL\u00b7LEGI MAJOR RECTOR PESET UV\"  href=\"http:\/\/www.rafaxambo.net\/wp-content\/uploads\/2018\/01\/DSC01646b.jpg\" class=\"ctl_prettyPhoto\"><img width=\"1024\" height=\"546\" src=\"http:\/\/www.rafaxambo.net\/wp-content\/uploads\/2018\/01\/DSC01646b-1024x546.jpg\" class=\"story-img wp-post-image\" alt=\"COL\u00b7LEGI MAJOR RECTOR PESET UV\" loading=\"lazy\" srcset=\"http:\/\/www.rafaxambo.net\/wp-content\/uploads\/2018\/01\/DSC01646b-1024x546.jpg 1024w, http:\/\/www.rafaxambo.net\/wp-content\/uploads\/2018\/01\/DSC01646b-300x160.jpg 300w, http:\/\/www.rafaxambo.net\/wp-content\/uploads\/2018\/01\/DSC01646b-768x410.jpg 768w\" sizes=\"(max-width: 1024px) 100vw, 1024px\" \/><\/a><\/div><div class=\"content-details\">CONCERT T&#8217;ESTIMO TANT. SONETS DE SHAKESPEARE<\/div><\/div><\/div><!-- timeline content --><\/div><!-- .timeline-post-end --><!-- .timeline-post-start--><div class=\"timeline-post even light-grey-post icons_no  default-skin\"  id=\"story-545\"><div class=\"timeline-meta\"><div class=\"meta-details\">novembre 30<\/div><\/div><div class=\"timeline-icon icon-dot-full\"><div class=\"timeline-bar\"><\/div><\/div><div class=\"timeline-content clearfix\"><h2 class=\"content-title\">CASA CULTURA TAVERNES DE LA VALLDIGNA<\/h2><div class=\"ctl_info event-description full\"><div class=\"full-width\"><a title=\"CASA CULTURA TAVERNES DE LA VALLDIGNA\"  href=\"http:\/\/www.rafaxambo.net\/wp-content\/uploads\/2018\/01\/IMG_9184.jpg\" class=\"ctl_prettyPhoto\"><img width=\"1024\" height=\"683\" src=\"http:\/\/www.rafaxambo.net\/wp-content\/uploads\/2018\/01\/IMG_9184-1024x683.jpg\" class=\"story-img wp-post-image\" alt=\"CASA CULTURA TAVERNES DE LA VALLDIGNA\" loading=\"lazy\" srcset=\"http:\/\/www.rafaxambo.net\/wp-content\/uploads\/2018\/01\/IMG_9184-1024x683.jpg 1024w, http:\/\/www.rafaxambo.net\/wp-content\/uploads\/2018\/01\/IMG_9184-300x200.jpg 300w, http:\/\/www.rafaxambo.net\/wp-content\/uploads\/2018\/01\/IMG_9184-768x512.jpg 768w\" sizes=\"(max-width: 1024px) 100vw, 1024px\" \/><\/a><\/div><div class=\"content-details\">CONCERT T&#8217;ESTIMO TANT. SONETS DE SHAKESPEARE<\/div><\/div><\/div><!-- timeline content --><\/div><!-- .timeline-post-end --><!-- .timeline-post-start--><div class=\"timeline-post odd light-grey-post icons_no  default-skin\"  id=\"story-544\"><div class=\"timeline-meta\"><div class=\"meta-details\">novembre 28<\/div><\/div><div class=\"timeline-icon icon-dot-full\"><div class=\"timeline-bar\"><\/div><\/div><div class=\"timeline-content clearfix\"><h2 class=\"content-title\">Teatre Micalet<\/h2><div class=\"ctl_info event-description full\"><div class=\"full-width\"><a title=\"Teatre Micalet\"  href=\"http:\/\/www.rafaxambo.net\/wp-content\/uploads\/2013\/11\/DSC_0002.jpg\" class=\"ctl_prettyPhoto\"><img width=\"1024\" height=\"680\" src=\"http:\/\/www.rafaxambo.net\/wp-content\/uploads\/2013\/11\/DSC_0002-1024x680.jpg\" class=\"story-img wp-post-image\" alt=\"Teatre Micalet\" loading=\"lazy\" srcset=\"http:\/\/www.rafaxambo.net\/wp-content\/uploads\/2013\/11\/DSC_0002-1024x680.jpg 1024w, http:\/\/www.rafaxambo.net\/wp-content\/uploads\/2013\/11\/DSC_0002-300x199.jpg 300w, http:\/\/www.rafaxambo.net\/wp-content\/uploads\/2013\/11\/DSC_0002-768x510.jpg 768w, http:\/\/www.rafaxambo.net\/wp-content\/uploads\/2013\/11\/DSC_0002.jpg 1542w\" sizes=\"(max-width: 1024px) 100vw, 1024px\" \/><\/a><\/div><div class=\"content-details\">PRESENTACI\u00d3 A VAL\u00c8NCIA NOU DISC T&#8217;ESTIMO TANT. SONETS DE SHAKESPEARE<\/div><\/div><\/div><!-- timeline content --><\/div><!-- .timeline-post-end --><!-- .timeline-post-start--><div class=\"timeline-post even light-grey-post icons_no  default-skin\"  id=\"story-540\"><div class=\"timeline-meta\"><div class=\"meta-details\">novembre 4<\/div><\/div><div class=\"timeline-icon icon-dot-full\"><div class=\"timeline-bar\"><\/div><\/div><div class=\"timeline-content clearfix\"><h2 class=\"content-title\">AUDITORI ENRIC GRANADOS<\/h2><div class=\"ctl_info event-description full\"><div class=\"full-width\"><a title=\"AUDITORI ENRIC GRANADOS\"  href=\"http:\/\/www.rafaxambo.net\/wp-content\/uploads\/2013\/11\/Imagen-043.jpg\" class=\"ctl_prettyPhoto\"><img width=\"640\" height=\"480\" src=\"http:\/\/www.rafaxambo.net\/wp-content\/uploads\/2013\/11\/Imagen-043.jpg\" class=\"story-img wp-post-image\" alt=\"AUDITORI ENRIC GRANADOS\" loading=\"lazy\" srcset=\"http:\/\/www.rafaxambo.net\/wp-content\/uploads\/2013\/11\/Imagen-043.jpg 640w, http:\/\/www.rafaxambo.net\/wp-content\/uploads\/2013\/11\/Imagen-043-300x225.jpg 300w\" sizes=\"(max-width: 640px) 100vw, 640px\" \/><\/a><\/div><div class=\"content-details\">PRESENTACI\u00d3 A LLEIDA-PREMIS VALLVERD\u00da-ACTE D\u2019OBERTURA<\/div><\/div><\/div><!-- timeline content --><\/div><!-- .timeline-post-end --><!-- .timeline-post-start--><div class=\"timeline-post odd light-grey-post icons_no  default-skin\"  id=\"story-539\"><div class=\"timeline-meta\"><div class=\"meta-details\">octubre 28<\/div><\/div><div class=\"timeline-icon icon-dot-full\"><div class=\"timeline-bar\"><\/div><\/div><div class=\"timeline-content clearfix\"><h2 class=\"content-title\">\u00c0GORA UNIVERSITAT JAUME I<\/h2><div class=\"ctl_info event-description full\"><div class=\"full-width\"><a title=\"\u00c0GORA UNIVERSITAT JAUME I\"  href=\"http:\/\/www.rafaxambo.net\/wp-content\/uploads\/2013\/10\/foto04.jpg\" class=\"ctl_prettyPhoto\"><img width=\"1024\" height=\"683\" src=\"http:\/\/www.rafaxambo.net\/wp-content\/uploads\/2013\/10\/foto04-1024x683.jpg\" class=\"story-img wp-post-image\" alt=\"\u00c0GORA UNIVERSITAT JAUME I\" loading=\"lazy\" srcset=\"http:\/\/www.rafaxambo.net\/wp-content\/uploads\/2013\/10\/foto04-1024x683.jpg 1024w, http:\/\/www.rafaxambo.net\/wp-content\/uploads\/2013\/10\/foto04-300x200.jpg 300w, http:\/\/www.rafaxambo.net\/wp-content\/uploads\/2013\/10\/foto04-768x512.jpg 768w\" sizes=\"(max-width: 1024px) 100vw, 1024px\" \/><\/a><\/div><div class=\"content-details\">CONCERT T&#8217;ESTIMO TANT. SONETS DE SHAKESPEARE<\/div><\/div><\/div><!-- timeline content --><\/div><!-- .timeline-post-end --><!-- .timeline-post-start--><div class=\"timeline-post even light-grey-post icons_no  default-skin\"  id=\"story-712\"><div class=\"timeline-meta\"><div class=\"meta-details\">octubre 18<\/div><\/div><div class=\"timeline-icon icon-dot-full\"><div class=\"timeline-bar\"><\/div><\/div><div class=\"timeline-content clearfix\"><h2 class=\"content-title\">\u00daltim concert Al tall (Val\u00e8ncia)<\/h2><div class=\"ctl_info event-description full\"><div class=\"full-width\"><a title=\"\u00daltim concert Al tall (Val\u00e8ncia)\"  href=\"http:\/\/www.rafaxambo.net\/wp-content\/uploads\/2018\/04\/cartell-ultim-concert-altall.jpg\" class=\"ctl_prettyPhoto\"><img width=\"700\" height=\"990\" src=\"http:\/\/www.rafaxambo.net\/wp-content\/uploads\/2018\/04\/cartell-ultim-concert-altall.jpg\" class=\"story-img wp-post-image\" alt=\"\u00daltim concert Al tall (Val\u00e8ncia)\" loading=\"lazy\" srcset=\"http:\/\/www.rafaxambo.net\/wp-content\/uploads\/2018\/04\/cartell-ultim-concert-altall.jpg 700w, http:\/\/www.rafaxambo.net\/wp-content\/uploads\/2018\/04\/cartell-ultim-concert-altall-212x300.jpg 212w\" sizes=\"(max-width: 700px) 100vw, 700px\" \/><\/a><\/div><div class=\"content-details\">Participaci\u00f3<\/div><\/div><\/div><!-- timeline content --><\/div><!-- .timeline-post-end --><!-- .timeline-post-start--><div class=\"timeline-post odd light-grey-post icons_no  default-skin\"  id=\"story-699\"><div class=\"timeline-meta\"><div class=\"meta-details\">octubre 18<\/div><\/div><div class=\"timeline-icon icon-dot-full\"><div class=\"timeline-bar\"><\/div><\/div><div class=\"timeline-content clearfix\"><h2 class=\"content-title\">AL TALL PER SEMPRE. \u00daltim concert. PALAU DE CONGRESSOS. (VAL\u00c8NCIA)<\/h2><div class=\"ctl_info event-description full\"><div class=\"content-details\">Participaci\u00f3<\/div><\/div><\/div><!-- timeline content --><\/div><!-- .timeline-post-end --><\/div><div class=\"clearfix\"><\/div><\/div> <\/div><!-- end\r\n \t\t================================================== -->\n","protected":false},"excerpt":{"rendered":"","protected":false},"author":1,"featured_media":0,"parent":0,"menu_order":0,"comment_status":"closed","ping_status":"closed","template":"","meta":[],"_links":{"self":[{"href":"http:\/\/www.rafaxambo.net\/index.php?rest_route=\/wp\/v2\/pages\/541"}],"collection":[{"href":"http:\/\/www.rafaxambo.net\/index.php?rest_route=\/wp\/v2\/pages"}],"about":[{"href":"http:\/\/www.rafaxambo.net\/index.php?rest_route=\/wp\/v2\/types\/page"}],"author":[{"embeddable":true,"href":"http:\/\/www.rafaxambo.net\/index.php?rest_route=\/wp\/v2\/users\/1"}],"replies":[{"embeddable":true,"href":"http:\/\/www.rafaxambo.net\/index.php?rest_route=%2Fwp%2Fv2%2Fcomments&post=541"}],"version-history":[{"count":2,"href":"http:\/\/www.rafaxambo.net\/index.php?rest_route=\/wp\/v2\/pages\/541\/revisions"}],"predecessor-version":[{"id":643,"href":"http:\/\/www.rafaxambo.net\/index.php?rest_route=\/wp\/v2\/pages\/541\/revisions\/643"}],"wp:attachment":[{"href":"http:\/\/www.rafaxambo.net\/index.php?rest_route=%2Fwp%2Fv2%2Fmedia&parent=541"}],"curies":[{"name":"wp","href":"https:\/\/api.w.org\/{rel}","templated":true}]}}