{"id":656,"date":"2018-01-30T11:52:51","date_gmt":"2018-01-30T11:52:51","guid":{"rendered":"http:\/\/www.rafaxambo.net\/?page_id=656"},"modified":"2018-05-02T19:44:17","modified_gmt":"2018-05-02T19:44:17","slug":"llibres","status":"publish","type":"page","link":"http:\/\/www.rafaxambo.net\/?page_id=656","title":{"rendered":"Llibres"},"content":{"rendered":"<section id=\"huge_it_portfolio_content_3\"\r\n         style=\"clear: both\"\r\n         class=\"portfolio-gallery-content \"\r\n         data-portfolio-id=\"3\">\r\n\t<div id=\"huge-it-container-loading-overlay_3\"><\/div>\r\n\t\t\t\t\t\t<div id=\"huge_it_portfolio_container_3\"\r\n\t     data-show-loading=\"on\"\r\n\t     data-show-center=\"off\"\r\n\t     class=\"huge_it_portfolio_container super-list variable-sizes clearfix view-full-width\" >\r\n\t\t\t\t\t<div\r\n\t\t\t\tclass=\"portelement portelement_3 colorbox_grouping   \" data-symbol=\"(2020) Cantata de Valencia\" data-category=\"alkaline-earth\">\r\n\t\t\t\t<div class=\"left-block_3\">\r\n\t\t\t\t\t<div class=\"main-image-block_3 add-H-relative\">\r\n                        <p style=\"display:none;\" class=\"load_date\">2022-09-03 15:02:20<\/p>\r\n                        <p style=\"display:none;\" class=\"number\">17<\/p>\r\n\t\t\t\t\t\t\t\t\t\t\t\t\t\t\t\t\t\t\t\t\t<a href=\"http:\/\/www.rafaxambo.net\/wp-content\/uploads\/2022\/09\/Cantata_Coberta.jpeg\"\r\n\t\t\t\t\t\t\t\t\t   class=\" portfolio-group1-3\"\r\n                                       data-description=\" Vincle editorial El veritable art neix de la contradicci\u00f3, i Val\u00e8ncia (com ser valenci\u00e0) \u00e9s una q\u00fcesti\u00f3 de resist\u00e8ncia. A vegades tinc la sensaci\u00f3 que tots els anys que ens van segrestar pol\u00edticament aquesta ciutat -\u00e9s a dir, culturalment, i aix\u00f2 Xamb\u00f3 ho sap b\u00e9- van ser, d\u2019alguna manera, com haver viscut perduts en una dif\u00edcil traducci\u00f3\u201d. Aix\u00f2 diu \u00c0ngels Gregori al pr\u00f2leg. I m\u00e9s avant, afegeix: \u201cLes inexistents pol\u00edtiques culturals de la ciutat van expulsar durant anys els seus poetes. Per\u00f2 amb el temps la resist\u00e8ncia tamb\u00e9 \u00e9s una forma de felicitat, la que li ha donat la for\u00e7a a Xamb\u00f3 per treure tota la seua c\u00e0rrega per escriure-la i cantar-la. I poca broma. Ac\u00ed recull els sentiments i els s\u00edmptomes de d\u00e8cades de relaci\u00f3 envers la ciutat, i amb aquest c\u00f2ctel, en fa una Cantata que s\u2019inicia amb l\u2019evocaci\u00f3 de Fuster i els racons m\u00e9s desmemoriats de la ciutat fins al desig d\u2019esperan\u00e7a que torna a ell com un amor ferotge\u201d. Ciutat estimada, ciutat de la vergonya, Val\u00e8ncia devastada, ciutat bagassa dels dies ins\u00f2lits, ciutat fantasma, amor impossible, mala puta ciutat meua, ciutat ferida, ciutat bombardejada, mare dolguda; tot aix\u00f2 i m\u00e9s dedica Xamb\u00f3 a Val\u00e8ncia tot inspirant-se en els poetes contemporanis que l\u2019han cantat. Diu l\u2019autor: \u201cA raig, com si m\u2019haguera posse\u00eft un deler irrefrenable, en poc m\u00e9s d\u2019una hora vaig deixar enllestit el text; m\u00e9s de dos-cents versos. A l\u2019abril, en vaig tenir la primera versi\u00f3 i immediatament vaig saber que calia posar-li m\u00fasica, calia cantar-la, per aix\u00f2 Cantata, i que seria la banda sonora d\u2019un curtmetratge, perqu\u00e8 escrivint i tocant quan feia la m\u00fasica hi veia les imatges. Potser, per aix\u00f2, calia que passara tant de temps, perqu\u00e8 hi ha coses que demanen una edat, un solatge de l\u2019experi\u00e8ncia per a poder-les encarar. (...) Un text, i un projecte audiovisual, que reivindica l\u2019aportaci\u00f3 de les arts i proposa una reflexi\u00f3 i un debat sobre el paper de la cultura en la nostra societat\u201d. Pr\u00f2leg d\u2019\u00c0ngels Gregori i la col\u00b7laboraci\u00f3 de Vicent Alonso, Maria Josep Escriv\u00e0, Maria Fullana, Isabel Garcia Canet, Marc Granell, Salvador J\u00e0fer, Txema Mart\u00ednez, Jaume P\u00e9rez-Montaner, Francesc P\u00e9rez Morag\u00f3n, Enric S\u00f2ria, Francesc Viadel. Disseny de C\u00e8sar Amiguet. Fotografies de Francesc Jarque\r\n&lt;a&gt;Banda sonora del llibre &quot;Ressenya a &quot;Nosaltres la veu&quot;&lt;\/a&gt;\r\n|\r\n&lt;a href=&quot;https:\/\/www.vilaweb.cat\/noticies\/es-presenta-la-cantata-a-valencia-una-antologia-de-textos-sobre-la-ciutat-feta-per-rafa-xambo\/&quot;&gt; Ressenya a &quot;Vilaweb&quot;&lt;\/a&gt;\"\r\n\t\t\t\t\t\t\t\t\t   title=\"(2020) Cantata de Valencia\" data-groupID=\"1-3\"><img\r\n\t\t\t\t\t\t\t\t\t\t\talt=\"(2020) Cantata de Valencia\"\r\n\t\t\t\t\t\t\t\t\t\t\tid=\"wd-cl-img0\"\r\n                                            data-title=\" Cantata_Coberta\"\r\n\t\t\t\t\t\t\t\t\t\t\tsrc=\"http:\/\/www.rafaxambo.net\/wp-content\/uploads\/2022\/09\/Cantata_Coberta-683x1024.jpeg\"><\/a>\r\n\t\t\t\t\t\t\t\t\t\t\t\t\t\t<\/div>\r\n\t\t\t\t\t<div class=\"thumbs-block\">\r\n\t\t\t\t\t\t\t\t\t\t\t\t\t<ul class=\"thumbs-list_3\">\r\n\t\t\t\t\t\t\t\t\t\t\t\t\t\t\t<\/ul>\r\n\t\t\t\t\t\t\t\t\t\t\t\t<\/div>\r\n\t\t\t\t<\/div>\r\n\t\t\t\t<div class=\"right-block\">\r\n\t\t\t\t\t\t\t\t\t\t<div class=\"title-block_3\">\r\n\t\t\t\t\t\t<h3 class=\"name\" >(2020) Cantata de Valencia<\/h3><\/div>\t\t\t\t\t\t\t\t\t\t\t\t<div class=\"description-block_3\">\r\n\t\t\t\t\t\t\t\t<p>Vincle editorial El veritable art neix de la contradicci\u00f3, i Val\u00e8ncia (com ser valenci\u00e0) \u00e9s una q\u00fcesti\u00f3 de resist\u00e8ncia. A vegades tinc la sensaci\u00f3 que tots els anys que ens van segrestar pol\u00edticament aquesta ciutat -\u00e9s a dir, culturalment, i aix\u00f2 Xamb\u00f3 ho sap b\u00e9- van ser, d\u2019alguna manera, com haver viscut perduts en una dif\u00edcil traducci\u00f3\u201d. Aix\u00f2 diu \u00c0ngels Gregori al pr\u00f2leg. I m\u00e9s avant, afegeix: \u201cLes inexistents pol\u00edtiques culturals de la ciutat van expulsar durant anys els seus poetes. Per\u00f2 amb el temps la resist\u00e8ncia tamb\u00e9 \u00e9s una forma de felicitat, la que li ha donat la for\u00e7a a Xamb\u00f3 per treure tota la seua c\u00e0rrega per escriure-la i cantar-la. I poca broma. Ac\u00ed recull els sentiments i els s\u00edmptomes de d\u00e8cades de relaci\u00f3 envers la ciutat, i amb aquest c\u00f2ctel, en fa una Cantata que s\u2019inicia amb l\u2019evocaci\u00f3 de Fuster i els racons m\u00e9s desmemoriats de la ciutat fins al desig d\u2019esperan\u00e7a que torna a ell com un amor ferotge\u201d. Ciutat estimada, ciutat de la vergonya, Val\u00e8ncia devastada, ciutat bagassa dels dies ins\u00f2lits, ciutat fantasma, amor impossible, mala puta ciutat meua, ciutat ferida, ciutat bombardejada, mare dolguda; tot aix\u00f2 i m\u00e9s dedica Xamb\u00f3 a Val\u00e8ncia tot inspirant-se en els poetes contemporanis que l\u2019han cantat. Diu l\u2019autor: \u201cA raig, com si m\u2019haguera posse\u00eft un deler irrefrenable, en poc m\u00e9s d\u2019una hora vaig deixar enllestit el text; m\u00e9s de dos-cents versos. A l\u2019abril, en vaig tenir la primera versi\u00f3 i immediatament vaig saber que calia posar-li m\u00fasica, calia cantar-la, per aix\u00f2 Cantata, i que seria la banda sonora d\u2019un curtmetratge, perqu\u00e8 escrivint i tocant quan feia la m\u00fasica hi veia les imatges. Potser, per aix\u00f2, calia que passara tant de temps, perqu\u00e8 hi ha coses que demanen una edat, un solatge de l\u2019experi\u00e8ncia per a poder-les encarar. (...) Un text, i un projecte audiovisual, que reivindica l\u2019aportaci\u00f3 de les arts i proposa una reflexi\u00f3 i un debat sobre el paper de la cultura en la nostra societat\u201d. Pr\u00f2leg d\u2019\u00c0ngels Gregori i la col\u00b7laboraci\u00f3 de Vicent Alonso, Maria Josep Escriv\u00e0, Maria Fullana, Isabel Garcia Canet, Marc Granell, Salvador J\u00e0fer, Txema Mart\u00ednez, Jaume P\u00e9rez-Montaner, Francesc P\u00e9rez Morag\u00f3n, Enric S\u00f2ria, Francesc Viadel. Disseny de C\u00e8sar Amiguet. Fotografies de Francesc Jarque\r\n<a>Banda sonora del llibre \"Ressenya a \"Nosaltres la veu\"<\/a>\r\n|\r\n<a href=\"https:\/\/www.vilaweb.cat\/noticies\/es-presenta-la-cantata-a-valencia-una-antologia-de-textos-sobre-la-ciutat-feta-per-rafa-xambo\/\"> Ressenya a \"Vilaweb\"<\/a><\/p><\/div>\r\n\t\t\t\t\t\t\t\t\t\t\t\t\t\t\t<\/div>\r\n\t\t\t<\/div>\r\n\r\n\t\t\t\t\t\t<div\r\n\t\t\t\tclass=\"portelement portelement_3 colorbox_grouping   \" data-symbol=\"(2013) El riu dels ulls\" data-category=\"alkaline-earth\">\r\n\t\t\t\t<div class=\"left-block_3\">\r\n\t\t\t\t\t<div class=\"main-image-block_3 add-H-relative\">\r\n                        <p style=\"display:none;\" class=\"load_date\">2018-05-02 21:39:17<\/p>\r\n                        <p style=\"display:none;\" class=\"number\">11<\/p>\r\n\t\t\t\t\t\t\t\t\t\t\t\t\t\t\t\t\t\t\t\t\t<a href=\"http:\/\/www.rafaxambo.net\/wp-content\/uploads\/2018\/01\/ELRIUDELSULLS_recortada.jpg\"\r\n\t\t\t\t\t\t\t\t\t   class=\" portfolio-group2-3\"\r\n                                       data-description=\" Editorial Tria Llibres\r\n\r\nL\u2019univers que trobem en aquest llibre de Rafa Xamb\u00f3 dif\u00edcilment qualificable. Un assaig l\u00facid i atent sobre la mem\u00f2ria i la vida, fragments d\u2019una novel\u00b7la autobiogr\u00e0fica d\u2019una tensi\u00f3 narrativa corprenedora i un diari calmat, reflexiu, escrit a Glasgow. Tres mons, tres mirades complement\u00e0ries d\u2019un univers vist amb els ulls de la mem\u00f2ria des de la ciutat que acull l\u2019autor i que no escapa al seu escrutini implacable: Val\u00e8ncia.\r\n\r\n&lt;a href=&quot;https:\/\/play.spotify.com\/user\/rafaxambo\/playlist\/3ktMwCYgIVur66DX1zlk3q?play=true&amp;utm_source=open.spotify.com&amp;utm_medium=open&quot;&gt;Banda sonora del llibre &quot;El riu dels ulls&quot; editat per Tria Llibres&lt;\/a&gt;\r\n|\r\n&lt;a href=&quot;http:\/\/fundateca.com\/rafaxambo\/wp-content\/uploads\/2018\/01\/Ressenyes-Riu-dels-ulls_retocado.pdf&quot;&gt;Ressenyes del llibre a la premsa&lt;\/a&gt;\"\r\n\t\t\t\t\t\t\t\t\t   title=\"(2013) El riu dels ulls\" data-groupID=\"2-3\"><img\r\n\t\t\t\t\t\t\t\t\t\t\talt=\"(2013) El riu dels ulls\"\r\n\t\t\t\t\t\t\t\t\t\t\tid=\"wd-cl-img1\"\r\n                                            data-title=\" ELRIUDELSULLS_recortada\"\r\n\t\t\t\t\t\t\t\t\t\t\tsrc=\"http:\/\/www.rafaxambo.net\/wp-content\/uploads\/2018\/01\/ELRIUDELSULLS_recortada-727x1024.jpg\"><\/a>\r\n\t\t\t\t\t\t\t\t\t\t\t\t\t\t<\/div>\r\n\t\t\t\t\t<div class=\"thumbs-block\">\r\n\t\t\t\t\t\t\t\t\t\t\t\t\t<ul class=\"thumbs-list_3\">\r\n\t\t\t\t\t\t\t\t\t\t\t\t\t\t\t<\/ul>\r\n\t\t\t\t\t\t\t\t\t\t\t\t<\/div>\r\n\t\t\t\t<\/div>\r\n\t\t\t\t<div class=\"right-block\">\r\n\t\t\t\t\t\t\t\t\t\t<div class=\"title-block_3\">\r\n\t\t\t\t\t\t<h3 class=\"name\" >(2013) El riu dels ulls<\/h3><\/div>\t\t\t\t\t\t\t\t\t\t\t\t<div class=\"description-block_3\">\r\n\t\t\t\t\t\t\t\t<p>Editorial Tria Llibres\r\n\r\nL\u2019univers que trobem en aquest llibre de Rafa Xamb\u00f3 dif\u00edcilment qualificable. Un assaig l\u00facid i atent sobre la mem\u00f2ria i la vida, fragments d\u2019una novel\u00b7la autobiogr\u00e0fica d\u2019una tensi\u00f3 narrativa corprenedora i un diari calmat, reflexiu, escrit a Glasgow. Tres mons, tres mirades complement\u00e0ries d\u2019un univers vist amb els ulls de la mem\u00f2ria des de la ciutat que acull l\u2019autor i que no escapa al seu escrutini implacable: Val\u00e8ncia.\r\n\r\n<a href=\"https:\/\/play.spotify.com\/user\/rafaxambo\/playlist\/3ktMwCYgIVur66DX1zlk3q?play=true&amp;utm_source=open.spotify.com&amp;utm_medium=open\">Banda sonora del llibre \"El riu dels ulls\" editat per Tria Llibres<\/a>\r\n|\r\n<a href=\"http:\/\/fundateca.com\/rafaxambo\/wp-content\/uploads\/2018\/01\/Ressenyes-Riu-dels-ulls_retocado.pdf\">Ressenyes del llibre a la premsa<\/a><\/p><\/div>\r\n\t\t\t\t\t\t\t\t\t\t\t\t\t\t\t<\/div>\r\n\t\t\t<\/div>\r\n\r\n\t\t\t\t\t\t<div\r\n\t\t\t\tclass=\"portelement portelement_3 colorbox_grouping   \" data-symbol=\"(2007) Pamflets anacr\u00f2nics\" data-category=\"alkaline-earth\">\r\n\t\t\t\t<div class=\"left-block_3\">\r\n\t\t\t\t\t<div class=\"main-image-block_3 add-H-relative\">\r\n                        <p style=\"display:none;\" class=\"load_date\">2018-05-02 21:39:43<\/p>\r\n                        <p style=\"display:none;\" class=\"number\">12<\/p>\r\n\t\t\t\t\t\t\t\t\t\t\t\t\t\t\t\t\t\t\t\t\t<a href=\"http:\/\/www.rafaxambo.net\/wp-content\/uploads\/2018\/01\/PAMFLETSANACR\u00d2NICS.jpg\"\r\n\t\t\t\t\t\t\t\t\t   class=\" portfolio-group3-3\"\r\n                                       data-description=\" Editorial:  Eliseu Climent editor, 3i4, Val\u00e8ncia.\r\n\r\nDel pr\u00f2leg d\u2019Alfons Cervera:\r\n\u201cHi ha un territori que \u00e9s com l&#039;Aleph borgi\u00e0 en Pamflets anacr\u00f2nics: la proximitat afectiva amb les hist\u00f2ries a qu\u00e8 s&#039;acosta i amb els seus protagonistes. Sempre hi ha un motiu d\u2019arrancada que t\u00e9 a veure amb l&#039;afecte. A partir d&#039;ac\u00ed s&#039;hi genera, com \u00e9s preceptiu en tot tractat afectiu que es pree, una mena de camp enemic. Disposat aix\u00ed l&#039;espai de la batalla, sortiran els personatges a dir la seua. La diran, la seua. I despr\u00e9s arribar\u00e0 la paraula d&#039;aquest periodista a estones perdudes que ens dir\u00e0 tamb\u00e9 la seua.\u201d\r\n\r\nDe la introducci\u00f3 de Josep Llu\u00eds G\u00f3mez Mompart:\r\n\u201cEls articles d\u2019opini\u00f3 de Rafael Xamb\u00f3 ja s\u00f3n hist\u00f2ria, no nom\u00e9s perqu\u00e8 bona part d\u2019ells ja tenen uns quants anys, sin\u00f3 tamb\u00e9 perqu\u00e8 els fils conductors d\u2019unes pol\u00edtiques determinades estan radiografiats mitjan\u00e7ant una s\u00f2lida columna vertebral, la  de les seves argumentacions i raonaments. Hem dit que han estat escrits en clau (universal) valenciana, per\u00f2 poden ser llegits, i en bona part entesos fora del Pa\u00eds Valenci\u00e0, en especial en l\u2019\u00e0rea ling\u00fc\u00edstico-cultural catalana. En conjunt poden tenir algunes significacions, en funci\u00f3 de la recepci\u00f3 dels textos i de la recreaci\u00f3-interpretaci\u00f3 dels lectors, als quals no deixa indiferents. Per\u00f2, m\u00e9s enll\u00e0 d\u2019aspectes o q\u00fcestions puntuals, all\u00f2 que sobresurt i surar\u00e0 amb els anys de les seves columnes \u00e9s una posici\u00f3 de civisme radical i de den\u00fancia de les actituds provincianes, depredadores, egoistes, insolid\u00e0ries, sect\u00e0ries i reaccion\u00e0ries. D\u2019alguna manera, un esquema d\u2019an\u00e0lisi social aplicat a accions i comportaments dels prepotents i fariseus de la pol\u00edtica, l\u2019economia, la cultura o la moral, i tamb\u00e9 un cert model de principis i proposicions \u2013\u00e8tiques i est\u00e8tiques- respecte a les inquietuds humanes, al paper que li correspon a la ciutadania i al comprom\u00eds amb la identitat d\u2019una cultura nacional.\u201d\"\r\n\t\t\t\t\t\t\t\t\t   title=\"(2007) Pamflets anacr\u00f2nics\" data-groupID=\"3-3\"><img\r\n\t\t\t\t\t\t\t\t\t\t\talt=\"(2007) Pamflets anacr\u00f2nics\"\r\n\t\t\t\t\t\t\t\t\t\t\tid=\"wd-cl-img2\"\r\n                                            data-title=\" PAMFLETSANACR\u00d2NICS\"\r\n\t\t\t\t\t\t\t\t\t\t\tsrc=\"http:\/\/www.rafaxambo.net\/wp-content\/uploads\/2018\/01\/PAMFLETSANACR\u00d2NICS-713x1024.jpg\"><\/a>\r\n\t\t\t\t\t\t\t\t\t\t\t\t\t\t<\/div>\r\n\t\t\t\t\t<div class=\"thumbs-block\">\r\n\t\t\t\t\t\t\t\t\t\t\t\t\t<ul class=\"thumbs-list_3\">\r\n\t\t\t\t\t\t\t\t\t\t\t\t\t\t\t<\/ul>\r\n\t\t\t\t\t\t\t\t\t\t\t\t<\/div>\r\n\t\t\t\t<\/div>\r\n\t\t\t\t<div class=\"right-block\">\r\n\t\t\t\t\t\t\t\t\t\t<div class=\"title-block_3\">\r\n\t\t\t\t\t\t<h3 class=\"name\" >(2007) Pamflets anacr\u00f2nics<\/h3><\/div>\t\t\t\t\t\t\t\t\t\t\t\t<div class=\"description-block_3\">\r\n\t\t\t\t\t\t\t\t<p>Editorial:  Eliseu Climent editor, 3i4, Val\u00e8ncia.\r\n\r\nDel pr\u00f2leg d\u2019Alfons Cervera:\r\n\u201cHi ha un territori que \u00e9s com l'Aleph borgi\u00e0 en Pamflets anacr\u00f2nics: la proximitat afectiva amb les hist\u00f2ries a qu\u00e8 s'acosta i amb els seus protagonistes. Sempre hi ha un motiu d\u2019arrancada que t\u00e9 a veure amb l'afecte. A partir d'ac\u00ed s'hi genera, com \u00e9s preceptiu en tot tractat afectiu que es pree, una mena de camp enemic. Disposat aix\u00ed l'espai de la batalla, sortiran els personatges a dir la seua. La diran, la seua. I despr\u00e9s arribar\u00e0 la paraula d'aquest periodista a estones perdudes que ens dir\u00e0 tamb\u00e9 la seua.\u201d\r\n\r\nDe la introducci\u00f3 de Josep Llu\u00eds G\u00f3mez Mompart:\r\n\u201cEls articles d\u2019opini\u00f3 de Rafael Xamb\u00f3 ja s\u00f3n hist\u00f2ria, no nom\u00e9s perqu\u00e8 bona part d\u2019ells ja tenen uns quants anys, sin\u00f3 tamb\u00e9 perqu\u00e8 els fils conductors d\u2019unes pol\u00edtiques determinades estan radiografiats mitjan\u00e7ant una s\u00f2lida columna vertebral, la  de les seves argumentacions i raonaments. Hem dit que han estat escrits en clau (universal) valenciana, per\u00f2 poden ser llegits, i en bona part entesos fora del Pa\u00eds Valenci\u00e0, en especial en l\u2019\u00e0rea ling\u00fc\u00edstico-cultural catalana. En conjunt poden tenir algunes significacions, en funci\u00f3 de la recepci\u00f3 dels textos i de la recreaci\u00f3-interpretaci\u00f3 dels lectors, als quals no deixa indiferents. Per\u00f2, m\u00e9s enll\u00e0 d\u2019aspectes o q\u00fcestions puntuals, all\u00f2 que sobresurt i surar\u00e0 amb els anys de les seves columnes \u00e9s una posici\u00f3 de civisme radical i de den\u00fancia de les actituds provincianes, depredadores, egoistes, insolid\u00e0ries, sect\u00e0ries i reaccion\u00e0ries. D\u2019alguna manera, un esquema d\u2019an\u00e0lisi social aplicat a accions i comportaments dels prepotents i fariseus de la pol\u00edtica, l\u2019economia, la cultura o la moral, i tamb\u00e9 un cert model de principis i proposicions \u2013\u00e8tiques i est\u00e8tiques- respecte a les inquietuds humanes, al paper que li correspon a la ciutadania i al comprom\u00eds amb la identitat d\u2019una cultura nacional.\u201d<\/p><\/div>\r\n\t\t\t\t\t\t\t\t\t\t\t\t\t\t\t\t\t\t<div class=\"button-block\">\r\n\t\t\t\t\t\t\t\t<a href=\"http:\/\/www.tresiquatre.cat\/llibres\/?li_id=28372\" target=\"_blank\">View More<\/a>\r\n\t\t\t\t\t\t\t<\/div>\r\n\t\t\t\t\t\t\t\t\t\t<\/div>\r\n\t\t\t<\/div>\r\n\r\n\t\t\t\t\t\t<div\r\n\t\t\t\tclass=\"portelement portelement_3 colorbox_grouping   \" data-symbol=\"(2001) Comunicaci\u00f3, pol\u00edtica i societat. El cas valenci\u00e0\" data-category=\"alkaline-earth\">\r\n\t\t\t\t<div class=\"left-block_3\">\r\n\t\t\t\t\t<div class=\"main-image-block_3 add-H-relative\">\r\n                        <p style=\"display:none;\" class=\"load_date\">2018-05-02 21:41:00<\/p>\r\n                        <p style=\"display:none;\" class=\"number\">13<\/p>\r\n\t\t\t\t\t\t\t\t\t\t\t\t\t\t\t\t\t\t\t\t\t<a href=\"http:\/\/www.rafaxambo.net\/wp-content\/uploads\/2018\/01\/COMUNICACIOPOLITICASOCIETAT.jpg\"\r\n\t\t\t\t\t\t\t\t\t   class=\" portfolio-group4-3\"\r\n                                       data-description=\" Editorial:  Eliseu Climent editor, 3i4. Val\u00e8ncia.\r\n\r\nMiquel de Moragas va escriure al pr\u00f2leg del llibre:\r\n\u201cAquest llibre constitueix una primera aportaci\u00f3 sistem\u00e0tica a l\u2019estudi de les pol\u00edtiques de comunicaci\u00f3 al Pa\u00eds Valenci\u00e0 de la qual voldria comen\u00e7ar per destacar dos m\u00e8rits: el seu valor pioner, que haur\u00e0 de donar pas a noves recerques, i l\u2019encert d\u2019identificar \u201cl\u2019espai valenci\u00e0\u201d com un objecte d\u2019estudi per a les pol\u00edtiques de comunicaci\u00f3.\r\n(...)Comunicaci\u00f3, Pol\u00edtica i Societat. El cas valenci\u00e0, no es limita a la descripci\u00f3 de l\u2019estructura del sistema de comunicacions -Premsa, R\u00e0dio, Televisi\u00f3- sin\u00f3 que s\u2019endinsa en l\u2019an\u00e0lisi de les seves funcions socials, en el paper dels media \u201ccom a actors pol\u00edtics\u201d. El que s\u2019anomena \u201cla batalla de Val\u00e8ncia\u201d sobre la identitat i la llengua \u00e9s descobreix, sobretot, com una batalla - o una instrumentalitzaci\u00f3- medi\u00e0tica. \r\nEn aquest nou marc comunicacional \u00e9s possible analitzar les funcions i les disfuncions culturals del Pa\u00eds Valenci\u00e0 contemporani, com s\u2019evidencia, per exemple, en l\u2019an\u00e0lisi de la sorprenent controv\u00e8rsia ideol\u00f2gica i cultural -que dif\u00edcilment podrem trobar a altres indrets del m\u00f3n- entre alguns diaris i la Universitat, actuant com a \u201cinstitucions\u201d culturals d\u2019influ\u00e8ncia.\u201d\r\nEntrevistes:\r\n&lt;a href=&quot;http:\/\/periodismenllibertat.wordpress.com\/2010\/12\/02\/entrevista-a-rafa-xambo-%E2%80%9Cles-solucions-als-problemes-socials-no-son-mai-tecnologiques-son-culturals-socials-i-politiques%E2%80%9D\/&quot;&gt;Periodisme en llibertat&lt;\/a&gt;\r\n&lt;a href=&quot;http:\/\/oloralapluja.blogspot.com.es\/2010\/12\/rafa-xambo-i-la-comunicacio-valenciana.html&quot;&gt;Olor a la plutja&lt;\/a&gt;\"\r\n\t\t\t\t\t\t\t\t\t   title=\"(2001) Comunicaci\u00f3, pol\u00edtica i societat. El cas valenci\u00e0\" data-groupID=\"4-3\"><img\r\n\t\t\t\t\t\t\t\t\t\t\talt=\"(2001) Comunicaci\u00f3, pol\u00edtica i societat. El cas valenci\u00e0\"\r\n\t\t\t\t\t\t\t\t\t\t\tid=\"wd-cl-img3\"\r\n                                            data-title=\" COMUNICACIOPOLITICASOCIETAT\"\r\n\t\t\t\t\t\t\t\t\t\t\tsrc=\"http:\/\/www.rafaxambo.net\/wp-content\/uploads\/2018\/01\/COMUNICACIOPOLITICASOCIETAT-709x1024.jpg\"><\/a>\r\n\t\t\t\t\t\t\t\t\t\t\t\t\t\t<\/div>\r\n\t\t\t\t\t<div class=\"thumbs-block\">\r\n\t\t\t\t\t\t\t\t\t\t\t\t\t<ul class=\"thumbs-list_3\">\r\n\t\t\t\t\t\t\t\t\t\t\t\t\t\t\t<\/ul>\r\n\t\t\t\t\t\t\t\t\t\t\t\t<\/div>\r\n\t\t\t\t<\/div>\r\n\t\t\t\t<div class=\"right-block\">\r\n\t\t\t\t\t\t\t\t\t\t<div class=\"title-block_3\">\r\n\t\t\t\t\t\t<h3 class=\"name\" >(2001) Comunicaci\u00f3, pol\u00edtica i societat. El cas valenci\u00e0<\/h3><\/div>\t\t\t\t\t\t\t\t\t\t\t\t<div class=\"description-block_3\">\r\n\t\t\t\t\t\t\t\t<p>Editorial:  Eliseu Climent editor, 3i4. Val\u00e8ncia.\r\n\r\nMiquel de Moragas va escriure al pr\u00f2leg del llibre:\r\n\u201cAquest llibre constitueix una primera aportaci\u00f3 sistem\u00e0tica a l\u2019estudi de les pol\u00edtiques de comunicaci\u00f3 al Pa\u00eds Valenci\u00e0 de la qual voldria comen\u00e7ar per destacar dos m\u00e8rits: el seu valor pioner, que haur\u00e0 de donar pas a noves recerques, i l\u2019encert d\u2019identificar \u201cl\u2019espai valenci\u00e0\u201d com un objecte d\u2019estudi per a les pol\u00edtiques de comunicaci\u00f3.\r\n(...)Comunicaci\u00f3, Pol\u00edtica i Societat. El cas valenci\u00e0, no es limita a la descripci\u00f3 de l\u2019estructura del sistema de comunicacions -Premsa, R\u00e0dio, Televisi\u00f3- sin\u00f3 que s\u2019endinsa en l\u2019an\u00e0lisi de les seves funcions socials, en el paper dels media \u201ccom a actors pol\u00edtics\u201d. El que s\u2019anomena \u201cla batalla de Val\u00e8ncia\u201d sobre la identitat i la llengua \u00e9s descobreix, sobretot, com una batalla - o una instrumentalitzaci\u00f3- medi\u00e0tica. \r\nEn aquest nou marc comunicacional \u00e9s possible analitzar les funcions i les disfuncions culturals del Pa\u00eds Valenci\u00e0 contemporani, com s\u2019evidencia, per exemple, en l\u2019an\u00e0lisi de la sorprenent controv\u00e8rsia ideol\u00f2gica i cultural -que dif\u00edcilment podrem trobar a altres indrets del m\u00f3n- entre alguns diaris i la Universitat, actuant com a \u201cinstitucions\u201d culturals d\u2019influ\u00e8ncia.\u201d\r\nEntrevistes:\r\n<a href=\"http:\/\/periodismenllibertat.wordpress.com\/2010\/12\/02\/entrevista-a-rafa-xambo-%E2%80%9Cles-solucions-als-problemes-socials-no-son-mai-tecnologiques-son-culturals-socials-i-politiques%E2%80%9D\/\">Periodisme en llibertat<\/a>\r\n<a href=\"http:\/\/oloralapluja.blogspot.com.es\/2010\/12\/rafa-xambo-i-la-comunicacio-valenciana.html\">Olor a la plutja<\/a><\/p><\/div>\r\n\t\t\t\t\t\t\t\t\t\t\t\t\t\t\t\t\t\t<div class=\"button-block\">\r\n\t\t\t\t\t\t\t\t<a href=\"http:\/\/www.tresiquatre.cat\/llibres\/?li_id=27910\" target=\"_blank\">View More<\/a>\r\n\t\t\t\t\t\t\t<\/div>\r\n\t\t\t\t\t\t\t\t\t\t<\/div>\r\n\t\t\t<\/div>\r\n\r\n\t\t\t\t\t\t<div\r\n\t\t\t\tclass=\"portelement portelement_3 colorbox_grouping   \" data-symbol=\"(1995) DIES DE PREMSA. LA COMUNICACI\u00d3 AL PA\u00cdS VALENCIA DES DE LA TRANSICI\u00d3 POL\u00cdTICA\" data-category=\"alkaline-earth\">\r\n\t\t\t\t<div class=\"left-block_3\">\r\n\t\t\t\t\t<div class=\"main-image-block_3 add-H-relative\">\r\n                        <p style=\"display:none;\" class=\"load_date\">2018-05-02 21:41:46<\/p>\r\n                        <p style=\"display:none;\" class=\"number\">14<\/p>\r\n\t\t\t\t\t\t\t\t\t\t\t\t\t\t\t\t\t\t\t\t\t<a href=\"http:\/\/www.rafaxambo.net\/wp-content\/uploads\/2018\/01\/DIESDEPREMSA.jpg\"\r\n\t\t\t\t\t\t\t\t\t   class=\" portfolio-group5-3\"\r\n                                       data-description=\" EDITORIAL L\u2019EIXAM. TAVERNES BLANQUES\r\n\r\nEn un per\u00edode de prop de dos anys s&#039;han realitzat les dotze entrevistes que es recullen en aquest llibre. Les experi\u00e8ncies period\u00edstiques alternatives, les tensions amb el postfranquisme, la batalla de Val\u00e8ncia, l&#039;anecdotari i les perip\u00e8cies personals, les relacions entre periodistes i pol\u00edtics, i el mercat valenci\u00e0 de la comunicaci\u00f3 s\u00f3n els eixos de les converses que hem mantingut.\"\r\n\t\t\t\t\t\t\t\t\t   title=\"(1995) DIES DE PREMSA. LA COMUNICACI\u00d3 AL PA\u00cdS VALENCIA DES DE LA TRANSICI\u00d3 POL\u00cdTICA\" data-groupID=\"5-3\"><img\r\n\t\t\t\t\t\t\t\t\t\t\talt=\"(1995) DIES DE PREMSA. LA COMUNICACI\u00d3 AL PA\u00cdS VALENCIA DES DE LA TRANSICI\u00d3 POL\u00cdTICA\"\r\n\t\t\t\t\t\t\t\t\t\t\tid=\"wd-cl-img4\"\r\n                                            data-title=\" DIESDEPREMSA\"\r\n\t\t\t\t\t\t\t\t\t\t\tsrc=\"http:\/\/www.rafaxambo.net\/wp-content\/uploads\/2018\/01\/DIESDEPREMSA-669x1024.jpg\"><\/a>\r\n\t\t\t\t\t\t\t\t\t\t\t\t\t\t<\/div>\r\n\t\t\t\t\t<div class=\"thumbs-block\">\r\n\t\t\t\t\t\t\t\t\t\t\t\t\t<ul class=\"thumbs-list_3\">\r\n\t\t\t\t\t\t\t\t\t\t\t\t\t\t\t<\/ul>\r\n\t\t\t\t\t\t\t\t\t\t\t\t<\/div>\r\n\t\t\t\t<\/div>\r\n\t\t\t\t<div class=\"right-block\">\r\n\t\t\t\t\t\t\t\t\t\t<div class=\"title-block_3\">\r\n\t\t\t\t\t\t<h3 class=\"name\" >(1995) DIES DE PREMSA. LA COMUNICACI\u00d3 AL PA\u00cdS VALENCIA DES DE LA TRANSICI\u00d3 POL\u00cdTICA<\/h3><\/div>\t\t\t\t\t\t\t\t\t\t\t\t<div class=\"description-block_3\">\r\n\t\t\t\t\t\t\t\t<p>EDITORIAL L\u2019EIXAM. TAVERNES BLANQUES\r\n\r\nEn un per\u00edode de prop de dos anys s'han realitzat les dotze entrevistes que es recullen en aquest llibre. Les experi\u00e8ncies period\u00edstiques alternatives, les tensions amb el postfranquisme, la batalla de Val\u00e8ncia, l'anecdotari i les perip\u00e8cies personals, les relacions entre periodistes i pol\u00edtics, i el mercat valenci\u00e0 de la comunicaci\u00f3 s\u00f3n els eixos de les converses que hem mantingut.<\/p><\/div>\r\n\t\t\t\t\t\t\t\t\t\t\t\t\t\t\t\t\t\t<div class=\"button-block\">\r\n\t\t\t\t\t\t\t\t<a href=\"http:\/\/www.eixamedicions.com\/index.php?module=llibre&#038;id=63\" target=\"_blank\">View More<\/a>\r\n\t\t\t\t\t\t\t<\/div>\r\n\t\t\t\t\t\t\t\t\t\t<\/div>\r\n\t\t\t<\/div>\r\n\r\n\t\t\t\t\t\t<div\r\n\t\t\t\tclass=\"portelement portelement_3 colorbox_grouping   \" data-symbol=\"(1988) SEXUALITAT PROVISIONAL\" data-category=\"alkaline-earth\">\r\n\t\t\t\t<div class=\"left-block_3\">\r\n\t\t\t\t\t<div class=\"main-image-block_3 add-H-relative\">\r\n                        <p style=\"display:none;\" class=\"load_date\">2018-05-02 21:42:40<\/p>\r\n                        <p style=\"display:none;\" class=\"number\">15<\/p>\r\n\t\t\t\t\t\t\t\t\t\t\t\t\t\t\t\t\t\t\t\t\t<a href=\"http:\/\/www.rafaxambo.net\/wp-content\/uploads\/2018\/01\/SEXUALITATPROVISIONAL.jpg\"\r\n\t\t\t\t\t\t\t\t\t   class=\" portfolio-group6-3\"\r\n                                       data-description=\" Editorial:  Eliseu Climent editor, 3i4, Val\u00e8ncia. 215 p\u00e0gines. \r\n\r\nRafael Xamb\u00f3 reflexiona sobre la sexualitat tot elaborant un assaig molt did\u00e0ctic sobre aquesta tem\u00e0tica. Els cap\u00edtols curts i l&#039;escriptura amena fan d&#039;aquest llibre un possible referent per al jovent. \r\n\u201d Mire les lectures que vaig recomanar aquell curs i veig que va elegir un cl\u00e0ssic:\u00a0Sexualitat provisional, del polifac\u00e8tic Rafa Xamb\u00f3. Nom\u00e9s de pensar que una lectura recomanada per mi, ha ajudat, modestament,que un jove com tants altres visca la seua sexualitat d\u2019una manera sana, alegre i desimbolta, ja \u00e9s per a sentir-se una mica orgull\u00f3s. \u201cEducar\u201d,\u201dInstruir\u201d\u2026 Paraules buides que s\u2019omplin de sentit quan descendim als casos concrets.\u201d\r\n\r\n&lt;a href=&quot;http:\/\/valebloc.wordpress.com\/tag\/sexualitat\/&quot;&gt;Ref\u00e8rencia 1&lt;\/a&gt;\r\n&lt;a href=&quot;http:\/\/professoratdelfutur.wikispaces.com\/Activitat+4+-+Carla+Barreres&quot;&gt;Ref\u00e8rencia 2&lt;\/a&gt;\"\r\n\t\t\t\t\t\t\t\t\t   title=\"(1988) SEXUALITAT PROVISIONAL\" data-groupID=\"6-3\"><img\r\n\t\t\t\t\t\t\t\t\t\t\talt=\"(1988) SEXUALITAT PROVISIONAL\"\r\n\t\t\t\t\t\t\t\t\t\t\tid=\"wd-cl-img5\"\r\n                                            data-title=\" SEXUALITATPROVISIONAL\"\r\n\t\t\t\t\t\t\t\t\t\t\tsrc=\"http:\/\/www.rafaxambo.net\/wp-content\/uploads\/2018\/01\/SEXUALITATPROVISIONAL-673x1024.jpg\"><\/a>\r\n\t\t\t\t\t\t\t\t\t\t\t\t\t\t<\/div>\r\n\t\t\t\t\t<div class=\"thumbs-block\">\r\n\t\t\t\t\t\t\t\t\t\t\t\t\t<ul class=\"thumbs-list_3\">\r\n\t\t\t\t\t\t\t\t\t\t\t\t\t\t\t<\/ul>\r\n\t\t\t\t\t\t\t\t\t\t\t\t<\/div>\r\n\t\t\t\t<\/div>\r\n\t\t\t\t<div class=\"right-block\">\r\n\t\t\t\t\t\t\t\t\t\t<div class=\"title-block_3\">\r\n\t\t\t\t\t\t<h3 class=\"name\" >(1988) SEXUALITAT PROVISIONAL<\/h3><\/div>\t\t\t\t\t\t\t\t\t\t\t\t<div class=\"description-block_3\">\r\n\t\t\t\t\t\t\t\t<p>Editorial:  Eliseu Climent editor, 3i4, Val\u00e8ncia. 215 p\u00e0gines. \r\n\r\nRafael Xamb\u00f3 reflexiona sobre la sexualitat tot elaborant un assaig molt did\u00e0ctic sobre aquesta tem\u00e0tica. Els cap\u00edtols curts i l'escriptura amena fan d'aquest llibre un possible referent per al jovent. \r\n\u201d Mire les lectures que vaig recomanar aquell curs i veig que va elegir un cl\u00e0ssic:\u00a0Sexualitat provisional, del polifac\u00e8tic Rafa Xamb\u00f3. Nom\u00e9s de pensar que una lectura recomanada per mi, ha ajudat, modestament,que un jove com tants altres visca la seua sexualitat d\u2019una manera sana, alegre i desimbolta, ja \u00e9s per a sentir-se una mica orgull\u00f3s. \u201cEducar\u201d,\u201dInstruir\u201d\u2026 Paraules buides que s\u2019omplin de sentit quan descendim als casos concrets.\u201d\r\n\r\n<a href=\"http:\/\/valebloc.wordpress.com\/tag\/sexualitat\/\">Ref\u00e8rencia 1<\/a>\r\n<a href=\"http:\/\/professoratdelfutur.wikispaces.com\/Activitat+4+-+Carla+Barreres\">Ref\u00e8rencia 2<\/a><\/p><\/div>\r\n\t\t\t\t\t\t\t\t\t\t\t\t\t\t\t<\/div>\r\n\t\t\t<\/div>\r\n\r\n\t\t\t\t\t\t<div\r\n\t\t\t\tclass=\"portelement portelement_3 colorbox_grouping   \" data-symbol=\"(1986) L\u2019ALLIBERAMENT SEXUAL DELS JOVES. MITE O REALITAT \" data-category=\"alkaline-earth\">\r\n\t\t\t\t<div class=\"left-block_3\">\r\n\t\t\t\t\t<div class=\"main-image-block_3 add-H-relative\">\r\n                        <p style=\"display:none;\" class=\"load_date\">2018-05-02 21:43:16<\/p>\r\n                        <p style=\"display:none;\" class=\"number\">16<\/p>\r\n\t\t\t\t\t\t\t\t\t\t\t\t\t\t\t\t\t\t\t\t\t<a href=\"http:\/\/www.rafaxambo.net\/wp-content\/uploads\/2018\/01\/LALLIBERAMENT.jpg\"\r\n\t\t\t\t\t\t\t\t\t   class=\" portfolio-group7-3\"\r\n                                       data-description=\" Editorial: Instituci\u00f3 Alfons El Magn\u00e0nim, Val\u00e8ncia.\r\n\r\nCol\u00b7lecci\u00f3 Polit\u00e8cnica. Sexualitat. Comportament sexual i actituds; trets psico-socials de la poblaci\u00f3 adolescent; situaci\u00f3 sexual dels joves, etc. 253 p\u00e0gines\"\r\n\t\t\t\t\t\t\t\t\t   title=\"(1986) L\u2019ALLIBERAMENT SEXUAL DELS JOVES. MITE O REALITAT \" data-groupID=\"7-3\"><img\r\n\t\t\t\t\t\t\t\t\t\t\talt=\"(1986) L\u2019ALLIBERAMENT SEXUAL DELS JOVES. MITE O REALITAT \"\r\n\t\t\t\t\t\t\t\t\t\t\tid=\"wd-cl-img6\"\r\n                                            data-title=\" L'ALLIBERAMENT\"\r\n\t\t\t\t\t\t\t\t\t\t\tsrc=\"http:\/\/www.rafaxambo.net\/wp-content\/uploads\/2018\/01\/LALLIBERAMENT-636x1024.jpg\"><\/a>\r\n\t\t\t\t\t\t\t\t\t\t\t\t\t\t<\/div>\r\n\t\t\t\t\t<div class=\"thumbs-block\">\r\n\t\t\t\t\t\t\t\t\t\t\t\t\t<ul class=\"thumbs-list_3\">\r\n\t\t\t\t\t\t\t\t\t\t\t\t\t\t\t<\/ul>\r\n\t\t\t\t\t\t\t\t\t\t\t\t<\/div>\r\n\t\t\t\t<\/div>\r\n\t\t\t\t<div class=\"right-block\">\r\n\t\t\t\t\t\t\t\t\t\t<div class=\"title-block_3\">\r\n\t\t\t\t\t\t<h3 class=\"name\" >(1986) L\u2019ALLIBERAMENT SEXUAL DELS JOVES. MITE O REALITAT <\/h3><\/div>\t\t\t\t\t\t\t\t\t\t\t\t<div class=\"description-block_3\">\r\n\t\t\t\t\t\t\t\t<p>Editorial: Instituci\u00f3 Alfons El Magn\u00e0nim, Val\u00e8ncia.\r\n\r\nCol\u00b7lecci\u00f3 Polit\u00e8cnica. Sexualitat. Comportament sexual i actituds; trets psico-socials de la poblaci\u00f3 adolescent; situaci\u00f3 sexual dels joves, etc. 253 p\u00e0gines<\/p><\/div>\r\n\t\t\t\t\t\t\t\t\t\t\t\t\t\t\t\t\t\t<div class=\"button-block\">\r\n\t\t\t\t\t\t\t\t<a href=\"http:\/\/www.iberlibro.com\/9788450532999\/Lalliberament-Sexual-Dels-Joves-Mite-845053299X\/plp\" target=\"_blank\">View More<\/a>\r\n\t\t\t\t\t\t\t<\/div>\r\n\t\t\t\t\t\t\t\t\t\t<\/div>\r\n\t\t\t<\/div>\r\n\r\n\t\t\t\r\n\t<\/div>\r\n<\/section><style>\r\n.portelement_3 .play-icon.youtube-icon  {\r\n    background: url(http:\/\/www.rafaxambo.net\/wp-content\/plugins\/portfolio-gallery\/assets\/images\/admin_images\/play.youtube.png) center center no-repeat;\r\n    background-size: 30% 30%;\r\n}\r\n.portelement_3 .play-icon.vimeo-icon  {\r\n    background: url(http:\/\/www.rafaxambo.net\/wp-content\/plugins\/portfolio-gallery\/assets\/images\/admin_images\/play.vimeo.png) center center no-repeat;\r\n    background-size: 30% 30%;\r\n}\r\n.portelement_3 .play-icon {\r\n    position: absolute;\r\n    top: 0px;\r\n    left: 0px;\r\n    width: 100%;\r\n    height: 100%;\r\n}\r\n.add-H-relative {\r\n    position: relative;\r\n}\r\n.add-H-block {\r\n    display: block;\r\n    border: none !important;\r\n    box-shadow: none;\r\n\r\n}\r\n\/***<\/add>***\/\r\n.portelement_3 {\r\n    position: relative;\r\n    width: calc(96% - 2px);\r\n    margin:5px 0px 5px 0px;\r\n    padding:2%;\r\n    clear:both;\r\n    overflow: hidden;\r\n    border:1px solid #dedede;\r\n    background:#f9f9f9;\r\n}\r\n\r\n.portelement_3 div.left-block_3 {\r\n    padding-right: 10px;\r\n    display: inline-block;\r\n    float: left;\r\n}\r\n\r\n.portelement_3 div.left-block_3 .main-image-block_3 {\r\n    clear:both;\r\n    width:240px;\r\n}\r\n\r\n.portelement_3 div.left-block_3 .main-image-block_3 img {\r\n    margin:0px !important;\r\n    padding:0px !important;\r\n    width:240px !important;\r\n    height:auto;\r\n}\r\n\r\n.portelement_3 div.left-block_3 .thumbs-block {\r\n    position:relative;\r\n    margin-top:10px;\r\n    display: inline-block;\r\n}\r\n\r\n.portelement_3 div.left-block_3 .thumbs-block .thumbs-list_3{\r\n    padding: 0 !important;\r\n}\r\n\r\n.portelement_3 div.left-block_3 .thumbs-block ul {\r\n    width:240px;\r\n    height:auto;\r\n    display:table;\r\n    margin:0px;\r\n    padding:0px;\r\n    list-style:none;\r\n}\r\n\r\n.portelement_3 div.left-block_3 .thumbs-block ul li {\r\n    margin:2px 3px 0px 2px;\r\n    padding:0px;\r\n    width:75px;\r\n    height:75px;\r\n    float:left;\r\n}\r\n\r\n.portelement_3 div.left-block_3 .thumbs-block ul li a {\r\n    display:block;\r\n    width:75px;\r\n    height:75px;\r\n    border: none;\r\n    box-shadow: none;\r\n}\r\n\r\n.portelement_3 div.left-block_3 .thumbs-block ul li a img {\r\n    margin:0px !important;\r\n    padding:0px !important;\r\n    width:75px;\r\n    height:75px;\r\n}\r\n\r\n.portelement_3 div.right-block {\r\n    vertical-align:top;\r\n    float: right;\r\n    display: inline-block;\r\n    width: calc(96% - 240px);\r\n}\r\n\r\n.portelement_3 div.right-block > div {\r\n    width:100%;\r\n    padding-bottom:10px;\r\n    margin-top:10px;\r\n    background:url('http:\/\/www.rafaxambo.net\/wp-content\/plugins\/portfolio-gallery\/assets\/images\/admin_images\/divider.line.png') center bottom repeat-x;\r\n}\r\n\r\n.portelement_3 div.right-block > div:last-child {\r\n    background:none;\r\n}\r\n\r\n.portelement_3 div.right-block .title-block_3  {\r\n    margin-top:3px;\r\n}\r\n\r\n.portelement_3 div.right-block .title-block_3 h3 {\r\n    margin:0px;\r\n    padding:0px;\r\n    font-weight:normal;\r\n    font-size:18px !important;\r\n    line-height:22px !important;\r\n    color:#0074a2;\r\n}\r\n\r\n.portelement_3 div.right-block .description-block_3 p,.portelement_3 div.right-block .description-block_3  {\r\n    margin:0px;\r\n    padding:0px;\r\n    font-size:14px;\r\n    color:#555555;\r\n    text-align: justify;\r\n}\r\n\r\n\r\n.portelement_3 div.right-block .description-block_3 h1,\r\n.portelement_3 div.right-block .description-block_3 h2,\r\n.portelement_3 div.right-block .description-block_3 h3,\r\n.portelement_3 div.right-block .description-block_3 h4,\r\n.portelement_3 div.right-block .description-block_3 h5,\r\n.portelement_3 div.right-block .description-block_3 h6,\r\n.portelement_3 div.right-block .description-block_3 p,\r\n.portelement_3 div.right-block .description-block_3 strong,\r\n.portelement_3 div.right-block .description-block_3 span {\r\n    padding:2px !important;\r\n    margin:0px !important;\r\n}\r\n\r\n.portelement_3 div.right-block .description-block_3 ul,\r\n.portelement_3 div.right-block .description-block_3 li {\r\n    padding:2px 0px 2px 5px;\r\n    margin:0px 0px 0px 8px;\r\n}\r\n\r\n.portelement_3 .button-block {\r\n    position:relative;\r\n}\r\n\r\n.portelement_3 div.right-block .button-block a,.portelement_3 div.right-block .button-block a:link,.portelement_3 div.right-block .button-block a:visited {\r\n    position:relative;\r\n    display:inline-block;\r\n    padding:6px 12px;\r\n    background:#2ea2cd;\r\n    color:#ffffff;\r\n    font-size:14px;\r\n    text-decoration:none;\r\n    border:none;\r\n}\r\n\r\n.portelement_3 div.right-block .button-block a:hover,.pupup-elemen.element div.right-block .button-block a:focus,.portelement_3 div.right-block .button-block a:active {\r\n    background:#0074a2;\r\n    color:#ffffff;\r\n    border:none;\r\n}\r\n\r\n#huge_it_portfolio_content_3 #huge_it_portfolio_options_3 {\r\n    position: relative;\r\n    overflow: hidden;\r\nfloat:;margin-top:5px;max-width:180px;width:20%;display:inline-block;margin-left:1%;\r\nopacity: 0;    margin-bottom: 10px;\r\n}\r\n\r\n#huge_it_portfolio_content_3 #huge_it_portfolio_options_3 ul {\r\n    margin: 0px !important;\r\n    padding: 0px !important;\r\n    list-style: none;\r\n}\r\n\r\n#huge_it_portfolio_content_3 #huge_it_portfolio_filters_3 ul {\r\n    margin: 0px !important;\r\n    padding: 0px !important;\r\n    overflow: hidden;\r\n    width: 100%;\r\n}\r\n\r\n\r\n#huge_it_portfolio_content_3 #huge_it_portfolio_options_3 ul li {\r\n    border-radius: 0px;\r\n    list-style-type: none;\r\n    margin: 0px !important;\r\n    padding: 0;\r\nborder: 1px solid #ccc;}\r\n\r\n#huge_it_portfolio_content_3 #huge_it_portfolio_options_3 ul li a {\r\n    background-color: #F7F7F7 !important;\r\n    border-radius: 0px;\r\n    font-size:14px !important;\r\n    color:#555555 !important;\r\n    text-decoration: none;\r\n    cursor: pointer;\r\n    margin: 0px !important;\r\n    display: block;\r\n    padding:3px;\r\n}\r\n\r\n\/*#huge_it_portfolio_content_3 #huge_it_portfolio_options_3 ul li:hover {\r\n\r\n}*\/\r\n\r\n#huge_it_portfolio_content_3 #huge_it_portfolio_options_3 ul li a:hover {\r\n    background-color: #FF3845 !important;\r\n    color:#ffffff !important;\r\n    cursor: pointer;\r\n}\r\n\r\n#huge_it_portfolio_content_3 #huge_it_portfolio_filters_3 {\r\n    position: relative;\r\n    overflow: hidden;\r\nfloat:;margin-top:5px;max-width:180px;width:20%;display:inline-block;margin-left:1%;\r\nopacity: 0;}\r\n\r\n#huge_it_portfolio_content_3 #huge_it_portfolio_filters_3 ul li {\r\n    border-radius: 0px;\r\n    list-style-type: none;\r\nborder: 1px solid #ccc;}\r\n\r\n#huge_it_portfolio_content_3 #huge_it_portfolio_filters_3 ul li a {\r\n    font-size:14px !important;\r\n    color:#555555 !important;\r\n    background-color: #F7F7F7 !important;\r\n    border-radius: 0px;\r\n    padding:3px;\r\n    display: block;\r\n    text-decoration: none;\r\n}\r\n\r\n#huge_it_portfolio_content_3 #huge_it_portfolio_filters_3  ul li a:hover {\r\n    color:#ffffff !important;\r\n    background-color: #FF3845 !important;\r\n    cursor: pointer;\r\n}\r\n#huge_it_portfolio_content_3 #huge_it_portfolio_filters_3 ul li.active a,\r\n#huge_it_portfolio_content_3 #huge_it_portfolio_filters_3 ul li.active a:link,\r\n#huge_it_portfolio_content_3 #huge_it_portfolio_filters_3 ul li.active a:visited,\r\n#huge_it_portfolio_content_3 #huge_it_portfolio_filters_3  ul li.active a:hover,\r\n#huge_it_portfolio_content_3 #huge_it_portfolio_filters_3  ul li.active a:focus,\r\n#huge_it_portfolio_content_3 #huge_it_portfolio_filters_3  ul li.active a:active {\r\n    color:#ffffff !important;\r\n    background-color: #FF3845 !important;\r\n    cursor: pointer;\r\n}\r\n#huge_it_portfolio_content_3 section {\r\n    position:relative;\r\n    display:block;\r\n}\r\n\r\n#huge_it_portfolio_content_3 #huge_it_portfolio_container_3 {\r\n\r\n    width: 79%;\r\nwidth:100%;opacity: 0;\r\n}\r\n@media screen and (max-width: 768px) {\r\n\r\n    #huge_it_portfolio_content_3 #huge_it_portfolio_filters_3 ul li a,\r\n    #huge_it_portfolio_content_3 #huge_it_portfolio_filters_3 ul li a:link,\r\n    #huge_it_portfolio_content_3 #huge_it_portfolio_filters_3 ul li a:visited {\r\n        font-size: 2vw !important;\r\n    }\r\n    #huge_it_portfolio_content_3 #huge_it_portfolio_options_3 ul li a {\r\n        font-size:2vw !important;\r\n    }\r\n\r\n}\r\n\r\n@media screen and (max-width: 600px) {\r\n    .portelement_3 div.left-block_3 {\r\n        width: 100%;\r\n    }\r\n    .portelement_3 div.left-block_3 .main-image-block_3{\r\n        float: left;\r\n    }\r\n    .portelement_3 div.left-block_3 .thumbs-block{\r\n        width: calc(100% - 250px);\r\n        margin-left: 10px;\r\n    }\r\n    .portelement_3 div.left-block_3 .thumbs-block ul{\r\n        width: auto;\r\n    }\r\n    .portelement_3 div.right-block {\r\n        width: 100%;\r\n    }\r\n    .portelement_3 div.right-block .title-block_3 h3 {\r\n        text-align: center;\r\n    }\r\n}\r\n\r\n@media screen and (max-width: 480px) {\r\n\r\n    #huge_it_portfolio_content_3 #huge_it_portfolio_filters_3 ul li a,\r\n    #huge_it_portfolio_content_3 #huge_it_portfolio_filters_3 ul li a:link,\r\n    #huge_it_portfolio_content_3 #huge_it_portfolio_filters_3 ul li a:visited {\r\n        font-size: 3vw !important;\r\n    }\r\n    #huge_it_portfolio_content_3 #huge_it_portfolio_options_3 ul li a {\r\n        line-height: 3vw;\r\n        font-size:3vw !important;\r\n    }\r\n    .portelement_3 div.left-block_3 .thumbs-block{\r\n        width: auto;\r\n    }\r\n    .portelement_3 div.left-block_3 .main-image-block_3  {\r\n        left: 50%;\r\n        transform: translateX(-50%);\r\n        position: relative;\r\n    }\r\n    .portelement_3 div.left-block_3 .thumbs-block ul{\r\n        left: 50%;\r\n        transform: translateX(-50%);\r\n        position: relative;\r\n    }\r\n    .portelement_3 div.left-block_3 .thumbs-block{\r\n        width: 100%;\r\n        margin-left: 0;\r\n    }\r\n}\r\n@media screen and (max-width: 420px) {\r\n\r\n    #huge_it_portfolio_content_3 #huge_it_portfolio_filters_3 ul li a,\r\n    #huge_it_portfolio_content_3 #huge_it_portfolio_filters_3 ul li a:link,\r\n    #huge_it_portfolio_content_3 #huge_it_portfolio_filters_3 ul li a:visited {\r\n        font-size: 4vw !important;\r\n    }\r\n    #huge_it_portfolio_content_3 #huge_it_portfolio_options_3 ul li a {\r\n        font-size:4vw !important;\r\n    }\r\n}\r\n\r\n@media screen and (max-width: 765px) {\r\n    #huge_it_portfolio_content_3 .right-block {\r\n        float: left !important;\r\n        width: 100% !important;\r\n\r\n    }\r\n}\r\n#huge-it-container-loading-overlay_3 {\r\n    width: 100%;\r\n    height: 100%;\r\n    position: absolute;\r\n    z-index: 1;\r\n    background:  url(http:\/\/www.rafaxambo.net\/wp-content\/plugins\/portfolio-gallery\/assets\/images\/loading\/loading-1.svg) center top ;\r\n    background-repeat: no-repeat;\r\n    background-size: 60px auto;\r\n}\r\n#huge_it_portfolio_options_and_filters_3{\r\n    position: relative;\r\n    float: left;\r\n    width: 20%;\r\n    max-width: 180px;\r\n    float:;\r\nmargin-left:1%;}\r\n<\/style>\n","protected":false},"excerpt":{"rendered":"","protected":false},"author":1,"featured_media":0,"parent":0,"menu_order":0,"comment_status":"closed","ping_status":"closed","template":"","meta":[],"_links":{"self":[{"href":"http:\/\/www.rafaxambo.net\/index.php?rest_route=\/wp\/v2\/pages\/656"}],"collection":[{"href":"http:\/\/www.rafaxambo.net\/index.php?rest_route=\/wp\/v2\/pages"}],"about":[{"href":"http:\/\/www.rafaxambo.net\/index.php?rest_route=\/wp\/v2\/types\/page"}],"author":[{"embeddable":true,"href":"http:\/\/www.rafaxambo.net\/index.php?rest_route=\/wp\/v2\/users\/1"}],"replies":[{"embeddable":true,"href":"http:\/\/www.rafaxambo.net\/index.php?rest_route=%2Fwp%2Fv2%2Fcomments&post=656"}],"version-history":[{"count":7,"href":"http:\/\/www.rafaxambo.net\/index.php?rest_route=\/wp\/v2\/pages\/656\/revisions"}],"predecessor-version":[{"id":725,"href":"http:\/\/www.rafaxambo.net\/index.php?rest_route=\/wp\/v2\/pages\/656\/revisions\/725"}],"wp:attachment":[{"href":"http:\/\/www.rafaxambo.net\/index.php?rest_route=%2Fwp%2Fv2%2Fmedia&parent=656"}],"curies":[{"name":"wp","href":"https:\/\/api.w.org\/{rel}","templated":true}]}}