{"id":589,"date":"2007-01-21T17:57:18","date_gmt":"2007-01-21T17:57:18","guid":{"rendered":"http:\/\/www.rafaxambo.net\/?post_type=product&#038;p=589"},"modified":"2018-05-01T09:17:12","modified_gmt":"2018-05-01T09:17:12","slug":"cancons-de-memoria-trista","status":"publish","type":"product","link":"http:\/\/www.rafaxambo.net\/?product=cancons-de-memoria-trista","title":{"rendered":"Can\u00e7ons de mem\u00f2ria trista"},"content":{"rendered":"<p><em>Aquest Xamb\u00f3 amb un punt d\u2019aspror, poc amic de roman\u00e7os, amb vocaci\u00f3 d\u2019estil, \u00e9s potser el m\u00e9s aut\u00e8ntic. D\u2019altra banda, la seua tria po\u00e8tica personal el confirma en la seua condici\u00f3 d\u2019irreductible sense por del temps. Des que va comen\u00e7ar als anys setanta, ha posat acords i veu a Miquel Mart\u00ed i Pol, Gabriel Ferrater o Feliu Formosa, entre molts altres. No \u00e9s una tria f\u00e0cil i encara menys innocent. Les seues prefer\u00e8ncies musicals tampoc no han estat les pr\u00f2pies d\u2019un autor moix o de modes i no \u00e9s cap casualitat, doncs, que al costat dels inevitables i tan nostrats Raimon o Serrat, figuren tamb\u00e9 els incorrect\u00edssims Lou Reed o Springsteen.<\/em><br \/>\n<strong>Francesc Viadel<\/strong>, El Pa\u00eds, 15\/06\/2016<\/p>\n<p><iframe loading=\"lazy\" style=\"border: 0; width: 100%; height: 120px;\" src=\"https:\/\/bandcamp.com\/EmbeddedPlayer\/album=1817764006\/size=large\/bgcol=ffffff\/linkcol=0687f5\/tracklist=false\/artwork=small\/transparent=true\/\" width=\"300\" height=\"150\" seamless=\"\"><span data-mce-type=\"bookmark\" style=\"display: inline-block; width: 0px; overflow: hidden; line-height: 0;\" class=\"mce_SELRES_start\">\ufeff<\/span><a href=\"http:\/\/rafaxambo.bandcamp.com\/album\/can-ons-de-la-mem-ria-trista\">Can\u00e7ons de la mem\u00f2ria trista by Rafa Xamb\u00f3<\/a><\/iframe><\/p>\n<p><a href=\"http:\/\/www.rafaxambo.net\/recursos\/memoriatrista.pdf\"><img loading=\"lazy\" class=\"alignnone size-full wp-image-695\" src=\"http:\/\/www.rafaxambo.net\/wp-content\/uploads\/2018\/04\/lletres.jpg\" alt=\"\" width=\"100\" height=\"20\" \/><\/a> <a href=\"http:\/\/www.rafaxambo.net\/recursos\/dpmemoriatrista.pdf\"><img loading=\"lazy\" class=\"alignnone size-full wp-image-696\" src=\"http:\/\/www.rafaxambo.net\/wp-content\/uploads\/2018\/04\/recull.jpg\" alt=\"\" width=\"100\" height=\"20\" \/><\/a><\/p>\n","protected":false},"excerpt":{"rendered":"<p>Aquest Xamb\u00f3 amb un punt d\u2019aspror, poc amic de roman\u00e7os, amb vocaci\u00f3 d\u2019estil, \u00e9s potser el m\u00e9s aut\u00e8ntic. D\u2019altra banda, la seua tria po\u00e8tica personal el confirma en la seua condici\u00f3 d\u2019irreductible sense por del temps. Des que va comen\u00e7ar als anys setanta, ha posat&#8230;<\/p>\n","protected":false},"featured_media":590,"template":"","meta":[],"_links":{"self":[{"href":"http:\/\/www.rafaxambo.net\/index.php?rest_route=\/wp\/v2\/product\/589"}],"collection":[{"href":"http:\/\/www.rafaxambo.net\/index.php?rest_route=\/wp\/v2\/product"}],"about":[{"href":"http:\/\/www.rafaxambo.net\/index.php?rest_route=\/wp\/v2\/types\/product"}],"wp:featuredmedia":[{"embeddable":true,"href":"http:\/\/www.rafaxambo.net\/index.php?rest_route=\/wp\/v2\/media\/590"}],"wp:attachment":[{"href":"http:\/\/www.rafaxambo.net\/index.php?rest_route=%2Fwp%2Fv2%2Fmedia&parent=589"}],"curies":[{"name":"wp","href":"https:\/\/api.w.org\/{rel}","templated":true}]}}