{"id":693,"date":"2015-04-21T14:38:21","date_gmt":"2015-04-21T14:38:21","guid":{"rendered":"http:\/\/www.rafaxambo.net\/?post_type=product&#038;p=693"},"modified":"2018-05-01T09:19:51","modified_gmt":"2018-05-01T09:19:51","slug":"llibertat","status":"publish","type":"product","link":"http:\/\/www.rafaxambo.net\/?product=llibertat","title":{"rendered":"Llibertat!"},"content":{"rendered":"<p><em>Fa 40 anys i un diaque va xafar per primera vegada un escenari cantant contra la por i a favor de la llibertat. En aquella \u00e8poca la cultura tamb\u00e9 la feia la societat civil a contracorrent de les institucions i recentment ha rescatat una maqueta que havia de ser un disc i que formava part del seu inventari. 40 anys i un dia m\u00e9s tard, aquell treball \u00e9s un disc que es diu \u2018Llibertat\u2019. I m\u2019agrada que eixe treball veja la llum ara, justament quan hi ha somnis, moviments i il\u00b7lusions de canvis.<\/em><br \/>\n<strong>Am\u00e0lia Garrig\u00f3s<\/strong> (La Veu PV)<\/p>\n<p><em>Xamb\u00f3 sab\u00eda que nos met\u00eda en el t\u00fanel del tiempo, y por eso comenz\u00f3 el recital con\u00a0La nit, de Raimon, confiando en que la oscuridad de esas estrofas nos pondr\u00eda en situaci\u00f3n. Lo hizo, y aquellos c\u00e1nticos tiernos avanzaron entre estribillos airados y retratos costumbristas.<\/em><br \/>\n<strong>Jordi Bianciotto<\/strong><\/p>\n<p>&nbsp;<\/p>\n<p><iframe loading=\"lazy\" style=\"border: 0; width: 100%; height: 120px;\" src=\"https:\/\/bandcamp.com\/EmbeddedPlayer\/album=1744121563\/size=large\/bgcol=ffffff\/linkcol=0687f5\/tracklist=false\/artwork=small\/transparent=true\/\" width=\"300\" height=\"150\" seamless=\"\"><a href=\"http:\/\/rafaxambo.bandcamp.com\/album\/llibertat\">Llibertat by Rafa Xamb\u00f3<\/a><\/iframe><\/p>\n<p><a href=\"http:\/\/www.rafaxambo.net\/recursos\/llibertat.pdf\"><img loading=\"lazy\" class=\"alignnone size-full wp-image-695\" src=\"http:\/\/www.rafaxambo.net\/wp-content\/uploads\/2018\/04\/lletres.jpg\" alt=\"\" width=\"100\" height=\"20\" \/><\/a>\u00a0<a href=\"http:\/\/www.rafaxambo.net\/recursos\/dpllibertat.pdf\"><img loading=\"lazy\" class=\"alignnone size-full wp-image-696\" src=\"http:\/\/www.rafaxambo.net\/wp-content\/uploads\/2018\/04\/recull.jpg\" alt=\"\" width=\"100\" height=\"20\" \/><\/a><\/p>\n","protected":false},"excerpt":{"rendered":"<p>Fa 40 anys i un diaque va xafar per primera vegada un escenari cantant contra la por i a favor de la llibertat. En aquella \u00e8poca la cultura tamb\u00e9 la feia la societat civil a contracorrent de les institucions i recentment ha rescatat una maqueta&#8230;<\/p>\n","protected":false},"featured_media":694,"template":"","meta":[],"_links":{"self":[{"href":"http:\/\/www.rafaxambo.net\/index.php?rest_route=\/wp\/v2\/product\/693"}],"collection":[{"href":"http:\/\/www.rafaxambo.net\/index.php?rest_route=\/wp\/v2\/product"}],"about":[{"href":"http:\/\/www.rafaxambo.net\/index.php?rest_route=\/wp\/v2\/types\/product"}],"wp:featuredmedia":[{"embeddable":true,"href":"http:\/\/www.rafaxambo.net\/index.php?rest_route=\/wp\/v2\/media\/694"}],"wp:attachment":[{"href":"http:\/\/www.rafaxambo.net\/index.php?rest_route=%2Fwp%2Fv2%2Fmedia&parent=693"}],"curies":[{"name":"wp","href":"https:\/\/api.w.org\/{rel}","templated":true}]}}