{"id":760,"date":"2022-09-03T13:13:48","date_gmt":"2022-09-03T13:13:48","guid":{"rendered":"http:\/\/www.rafaxambo.net\/?post_type=product&#038;p=760"},"modified":"2022-09-03T13:19:37","modified_gmt":"2022-09-03T13:19:37","slug":"la-dansa-dun-temps-nou","status":"publish","type":"product","link":"http:\/\/www.rafaxambo.net\/?product=la-dansa-dun-temps-nou","title":{"rendered":"La dansa d\u2019un temps nou"},"content":{"rendered":"","protected":false},"excerpt":{"rendered":"<p>Un recull de dotze can\u00e7ons amb algun text de Xamb\u00f3 i altres de Maria-Merc\u00e8<br data-rich-text-line-break=\"true\" \/>Mar\u00e7al, Manel Mar\u00ed, Anna Montero i Txema Mart\u00ednez.<br data-rich-text-line-break=\"true\" \/>Vivim un temps terrible en qu\u00e8 la crisi civilitzat\u00f2ria \u2014ecol\u00f2gica, sanit\u00e0ria, econ\u00f2mica i<br data-rich-text-line-break=\"true\" \/>social\u2014, la crisi de crisis, ens aboca a l\u2019egoisme c\u00ednic o a la desesperaci\u00f3. Per\u00f2 tamb\u00e9<br data-rich-text-line-break=\"true\" \/>podem aferrar-nos a viure en la resist\u00e8ncia a la barb\u00e0rie i la dignitat personal com una<br data-rich-text-line-break=\"true\" \/>nova forma de felicitat i d\u2019alegria. Res millor que la companyia dels grans mestres per a<br data-rich-text-line-break=\"true\" \/>completar la banda sonora del temps que ens ha tocat de viure. Al disc trobareu<br data-rich-text-line-break=\"true\" \/>interessants versions\/relectures de poemes i can\u00e7ons de Salvador<br data-rich-text-line-break=\"true\" \/>Espriu amb Raimon, N\u00e2zim Hikmet amb Pete Seeger, Manel Mar\u00ed amb Toti<br data-rich-text-line-break=\"true\" \/>Soler, Woody Guthrie amb Jeff Tweedy, Ovidi Montllor i John Lennon.<\/p>\n<p>&nbsp;<br \/>\n<iframe style=\"border: 0; width: 100%; height: 120px;\" src=\"https:\/\/bandcamp.com\/EmbeddedPlayer\/album=1421660814\/size=large\/bgcol=ffffff\/linkcol=0687f5\/tracklist=false\/artwork=small\/transparent=true\/\" seamless><a href=\"https:\/\/rafaxambo.bandcamp.com\/album\/la-dansa-dun-temps-nou\">La dansa d&#39;un temps nou by Rafa Xamb\u00f3<\/a><\/iframe><br \/>\n<a href=\"http:\/\/www.rafaxambo.net\/recursos\/lletresdansa.pdf\"><img loading=\"lazy\" src=\"http:\/\/www.rafaxambo.net\/wp-content\/uploads\/2018\/04\/lletres.jpg\" alt=\"\" width=\"100\" height=\"20\" class=\"alignnone size-full wp-image-695\" \/><\/a> <a href=\"http:\/\/www.rafaxambo.net\/recursos\/premsadansa.pdf\"><img loading=\"lazy\" src=\"http:\/\/www.rafaxambo.net\/wp-content\/uploads\/2018\/04\/recull.jpg\" alt=\"\" width=\"100\" height=\"20\" class=\"alignnone size-full wp-image-696\" \/><\/a><\/p>\n","protected":false},"featured_media":761,"template":"","meta":[],"_links":{"self":[{"href":"http:\/\/www.rafaxambo.net\/index.php?rest_route=\/wp\/v2\/product\/760"}],"collection":[{"href":"http:\/\/www.rafaxambo.net\/index.php?rest_route=\/wp\/v2\/product"}],"about":[{"href":"http:\/\/www.rafaxambo.net\/index.php?rest_route=\/wp\/v2\/types\/product"}],"wp:featuredmedia":[{"embeddable":true,"href":"http:\/\/www.rafaxambo.net\/index.php?rest_route=\/wp\/v2\/media\/761"}],"wp:attachment":[{"href":"http:\/\/www.rafaxambo.net\/index.php?rest_route=%2Fwp%2Fv2%2Fmedia&parent=760"}],"curies":[{"name":"wp","href":"https:\/\/api.w.org\/{rel}","templated":true}]}}