{"id":870,"date":"2022-10-07T22:54:00","date_gmt":"2022-10-07T22:54:00","guid":{"rendered":"http:\/\/www.rafaxambo.net\/?post_type=product&#038;p=870"},"modified":"2022-10-17T13:48:42","modified_gmt":"2022-10-17T13:48:42","slug":"cantata-de-valencia","status":"publish","type":"product","link":"http:\/\/www.rafaxambo.net\/?product=cantata-de-valencia","title":{"rendered":"CANTATA DE VAL\u200b\u00c8\u200bNCIA"},"content":{"rendered":"","protected":false},"excerpt":{"rendered":"<p>Ciutat estimada, amor impossible<\/p>\n<p>Aquest \u00e9s el fonament que inspira la Cantata de Val\u00e8ncia. Un recorregut emocional per la hist\u00f2ria cultural de la ciutat i del Pa\u00eds des dels anys 50 del segle XX fins al present. Un homenatge als nostres escriptors i artistes que han viscut totes les tensions, ambival\u00e8ncies i angoixes amb ella: ciutat estimada, ciutat de la vergonya, Val\u00e8ncia devastada, ciutat bagassa dels dies ins\u00f2lits, ciutat fantasma, amor impossible, male\u00efda ciutat meua, ciutat ferida, ciutat bombardejada, mare dolguda.<\/p>\n<p>Cante a Val\u00e8ncia amb Joan Fuster i Vicent Andr\u00e9s Estell\u00e9s, Ausi\u00e0s March,  Andreu Alfaro i Vicent Ventura, Jaume P\u00e9rez-Montaner, Maria Fullana, Salvador J\u00e0fer, Marc Granell, Enric S\u00f2ria, \u00c0ngels Gregori, Francesc Viadel, Maria Josep Escriv\u00e0, Isabel Garcia Canet, Txema Mart\u00ednez, Vicent Alonso i Francesc P\u00e9rez Morag\u00f3n, Blasco Ib\u00e1\u00f1ez, Miquel Duran de Val\u00e8ncia, Raimon i Maria Beneyto. Aquestes s\u00f3n les fonts d\u2019inspiraci\u00f3 per mitj\u00e0 de les quals he escrit i compost la Cantata de Val\u00e8ncia: un sentit i contradictori homenatge a la ciutat i la seua gent.<\/p>\n<p>&nbsp;<br \/>\n<iframe style=\"border: 0; width: 100%; height: 120px;\" src=\"https:\/\/bandcamp.com\/EmbeddedPlayer\/album=564880975\/size=large\/bgcol=ffffff\/linkcol=0687f5\/tracklist=false\/artwork=small\/transparent=true\/\" seamless><a href=\"https:\/\/rafaxambo.bandcamp.com\/album\/cantata-de-val-ncia\">CANTATA DE VAL\u00c8NCIA by Rafa Xamb\u00f3<\/a><\/iframe><\/p>\n<p>Algunes not\u00edcies que han eixit en premsa i xarxes:<\/p>\n<p><a href=\"https:\/\/www.enderrock.cat\/noticia\/25084\/rafa-xambo-he-fet-mirada-critica-poetica-valencia\" rel=\"noopener\" target=\"_blank\">ENDERROCK<\/a><br \/>\n<a href=\"https:\/\/www.lavanguardia.com\/local\/valencia\/20221004\/8553706\/rafa-xambo-lanza-nuevo-disco-amor-odio-ciudad-valencia.html\" rel=\"noopener\" target=\"_blank\">LA VANGUARDIA<\/a><br \/>\n<a href=\"https:\/\/www.diarilaveu.cat\/noticia\/9934\/rafa-xambo-llanca-un-nou-disc-damor-i-odi-a-la-ciutat-de-valencia\" rel=\"noopener\" target=\"_blank\">DIARI LA VEU<\/a><br \/>\n<a href=\"https:\/\/www.levante-emv.com\/cultura\/panorama\/2022\/10\/04\/rafa-xambo-llanca-nou-disc-valencia-joan-fuster-rock-76782818.html\" rel=\"noopener\" target=\"_blank\">LEVANTE EMV<\/a><br \/>\n<a href=\"https:\/\/tempsarts.cat\/musica\/musica-popular\/cantata-de-rafa-xambo-a-valencia-les-llums-devorades-per-les-ombres\/\" rel=\"noopener\" target=\"_blank\">ElTempsdelesArts<\/a><\/p>\n","protected":false},"featured_media":849,"template":"","meta":[],"_links":{"self":[{"href":"http:\/\/www.rafaxambo.net\/index.php?rest_route=\/wp\/v2\/product\/870"}],"collection":[{"href":"http:\/\/www.rafaxambo.net\/index.php?rest_route=\/wp\/v2\/product"}],"about":[{"href":"http:\/\/www.rafaxambo.net\/index.php?rest_route=\/wp\/v2\/types\/product"}],"wp:featuredmedia":[{"embeddable":true,"href":"http:\/\/www.rafaxambo.net\/index.php?rest_route=\/wp\/v2\/media\/849"}],"wp:attachment":[{"href":"http:\/\/www.rafaxambo.net\/index.php?rest_route=%2Fwp%2Fv2%2Fmedia&parent=870"}],"curies":[{"name":"wp","href":"https:\/\/api.w.org\/{rel}","templated":true}]}}